{"id":1720,"date":"2023-10-04T15:01:24","date_gmt":"2023-10-04T20:01:24","guid":{"rendered":"https:\/\/orza.com.co\/elecciones-regionales-2023\/?page_id=1720"},"modified":"2023-10-04T15:06:44","modified_gmt":"2023-10-04T20:06:44","slug":"roberto-ortiz","status":"publish","type":"page","link":"https:\/\/orza.com.co\/elecciones-regionales-2023\/cali\/roberto-ortiz\/","title":{"rendered":"Roberto Ortiz"},"content":{"rendered":"\t\t<div data-elementor-type=\"wp-page\" data-elementor-id=\"1720\" class=\"elementor elementor-1720\">\n\t\t\t\t\t\t\t\t\t<section class=\"elementor-section elementor-top-section elementor-element elementor-element-32ef966 elementor-section-height-min-height animated-slow elementor-section-items-bottom elementor-section-boxed elementor-section-height-default elementor-invisible\" data-id=\"32ef966\" data-element_type=\"section\" data-settings=\"{&quot;background_background&quot;:&quot;classic&quot;,&quot;animation&quot;:&quot;fadeIn&quot;}\">\n\t\t\t\t\t\t<div class=\"elementor-container elementor-column-gap-no\">\n\t\t\t\t\t<div class=\"elementor-column elementor-col-100 elementor-top-column elementor-element elementor-element-e5cf293\" data-id=\"e5cf293\" data-element_type=\"column\">\n\t\t\t<div class=\"elementor-widget-wrap elementor-element-populated\">\n\t\t\t\t\t\t\t\t<div class=\"elementor-element elementor-element-f7b0c84 elementor-hidden-desktop elementor-hidden-tablet elementor-widget elementor-widget-spacer\" data-id=\"f7b0c84\" data-element_type=\"widget\" data-widget_type=\"spacer.default\">\n\t\t\t\t<div class=\"elementor-widget-container\">\n\t\t\t<style>\/*! elementor - v3.16.0 - 20-09-2023 *\/\n.elementor-column .elementor-spacer-inner{height:var(--spacer-size)}.e-con{--container-widget-width:100%}.e-con-inner>.elementor-widget-spacer,.e-con>.elementor-widget-spacer{width:var(--container-widget-width,var(--spacer-size));--align-self:var(--container-widget-align-self,initial);--flex-shrink:0}.e-con-inner>.elementor-widget-spacer>.elementor-widget-container,.e-con>.elementor-widget-spacer>.elementor-widget-container{height:100%;width:100%}.e-con-inner>.elementor-widget-spacer>.elementor-widget-container>.elementor-spacer,.e-con>.elementor-widget-spacer>.elementor-widget-container>.elementor-spacer{height:100%}.e-con-inner>.elementor-widget-spacer>.elementor-widget-container>.elementor-spacer>.elementor-spacer-inner,.e-con>.elementor-widget-spacer>.elementor-widget-container>.elementor-spacer>.elementor-spacer-inner{height:var(--container-widget-height,var(--spacer-size))}.e-con-inner>.elementor-widget-spacer.elementor-widget-empty,.e-con>.elementor-widget-spacer.elementor-widget-empty{position:relative;min-height:22px;min-width:22px}.e-con-inner>.elementor-widget-spacer.elementor-widget-empty .elementor-widget-empty-icon,.e-con>.elementor-widget-spacer.elementor-widget-empty .elementor-widget-empty-icon{position:absolute;top:0;bottom:0;left:0;right:0;margin:auto;padding:0;width:22px;height:22px}<\/style>\t\t<div class=\"elementor-spacer\">\n\t\t\t<div class=\"elementor-spacer-inner\"><\/div>\n\t\t<\/div>\n\t\t\t\t<\/div>\n\t\t\t\t<\/div>\n\t\t\t\t<div class=\"elementor-element elementor-element-a5efdf6 elementor-invisible elementor-widget elementor-widget-heading\" data-id=\"a5efdf6\" data-element_type=\"widget\" data-settings=\"{&quot;_animation&quot;:&quot;fadeInUp&quot;,&quot;_animation_delay&quot;:250}\" data-widget_type=\"heading.default\">\n\t\t\t\t<div class=\"elementor-widget-container\">\n\t\t\t<style>\/*! elementor - v3.16.0 - 20-09-2023 *\/\n.elementor-heading-title{padding:0;margin:0;line-height:1}.elementor-widget-heading .elementor-heading-title[class*=elementor-size-]>a{color:inherit;font-size:inherit;line-height:inherit}.elementor-widget-heading .elementor-heading-title.elementor-size-small{font-size:15px}.elementor-widget-heading .elementor-heading-title.elementor-size-medium{font-size:19px}.elementor-widget-heading .elementor-heading-title.elementor-size-large{font-size:29px}.elementor-widget-heading .elementor-heading-title.elementor-size-xl{font-size:39px}.elementor-widget-heading .elementor-heading-title.elementor-size-xxl{font-size:59px}<\/style><h1 class=\"elementor-heading-title elementor-size-default\">Roberto Ortiz<\/h1>\t\t<\/div>\n\t\t\t\t<\/div>\n\t\t\t\t\t<\/div>\n\t\t<\/div>\n\t\t\t\t\t\t\t<\/div>\n\t\t<\/section>\n\t\t\t\t<section class=\"elementor-section elementor-top-section elementor-element elementor-element-f4e6a09 elementor-section-boxed elementor-section-height-default elementor-section-height-default\" data-id=\"f4e6a09\" data-element_type=\"section\" data-settings=\"{&quot;background_background&quot;:&quot;classic&quot;}\">\n\t\t\t\t\t\t<div class=\"elementor-container elementor-column-gap-default\">\n\t\t\t\t\t<div class=\"elementor-column elementor-col-100 elementor-top-column elementor-element elementor-element-839e4ba\" data-id=\"839e4ba\" data-element_type=\"column\">\n\t\t\t<div class=\"elementor-widget-wrap elementor-element-populated\">\n\t\t\t\t\t\t\t\t<div class=\"elementor-element elementor-element-81aa77e elementor-invisible elementor-widget elementor-widget-heading\" data-id=\"81aa77e\" data-element_type=\"widget\" data-settings=\"{&quot;_animation&quot;:&quot;fadeInUp&quot;}\" data-widget_type=\"heading.default\">\n\t\t\t\t<div class=\"elementor-widget-container\">\n\t\t\t<h2 class=\"elementor-heading-title elementor-size-default\">Ficha t\u00e9cnica<\/h2>\t\t<\/div>\n\t\t\t\t<\/div>\n\t\t\t\t\t<\/div>\n\t\t<\/div>\n\t\t\t\t\t\t\t<\/div>\n\t\t<\/section>\n\t\t\t\t<section class=\"elementor-section elementor-top-section elementor-element elementor-element-48409c9 elementor-section-full_width elementor-section-height-default elementor-section-height-default\" data-id=\"48409c9\" data-element_type=\"section\" data-settings=\"{&quot;background_background&quot;:&quot;classic&quot;}\">\n\t\t\t\t\t\t<div class=\"elementor-container elementor-column-gap-no\">\n\t\t\t\t\t<div class=\"elementor-column elementor-col-100 elementor-top-column elementor-element elementor-element-9ae5605\" data-id=\"9ae5605\" data-element_type=\"column\">\n\t\t\t<div class=\"elementor-widget-wrap elementor-element-populated\">\n\t\t\t\t\t\t\t\t<div class=\"elementor-element elementor-element-24032fe elementor-invisible elementor-widget elementor-widget-image\" data-id=\"24032fe\" data-element_type=\"widget\" data-settings=\"{&quot;_animation&quot;:&quot;fadeIn&quot;}\" data-widget_type=\"image.default\">\n\t\t\t\t<div class=\"elementor-widget-container\">\n\t\t\t<style>\/*! elementor - v3.16.0 - 20-09-2023 *\/\n.elementor-widget-image{text-align:center}.elementor-widget-image a{display:inline-block}.elementor-widget-image a img[src$=\".svg\"]{width:48px}.elementor-widget-image img{vertical-align:middle;display:inline-block}<\/style>\t\t\t\t\t\t\t\t\t\t\t\t<img decoding=\"async\" loading=\"lazy\" width=\"814\" height=\"48\" src=\"https:\/\/orza.com.co\/elecciones-regionales-2023\/wp-content\/uploads\/2022\/03\/Group-41.svg\" class=\"attachment-large size-large wp-image-143\" alt=\"\" \/>\t\t\t\t\t\t\t\t\t\t\t\t\t\t\t<\/div>\n\t\t\t\t<\/div>\n\t\t\t\t\t<\/div>\n\t\t<\/div>\n\t\t\t\t\t\t\t<\/div>\n\t\t<\/section>\n\t\t\t\t<section class=\"elementor-section elementor-top-section elementor-element elementor-element-b8d48ee elementor-section-boxed elementor-section-height-default elementor-section-height-default\" data-id=\"b8d48ee\" data-element_type=\"section\" data-settings=\"{&quot;background_background&quot;:&quot;classic&quot;}\">\n\t\t\t\t\t\t<div class=\"elementor-container elementor-column-gap-default\">\n\t\t\t\t\t<div class=\"elementor-column elementor-col-50 elementor-top-column elementor-element elementor-element-d0c2b79\" data-id=\"d0c2b79\" data-element_type=\"column\">\n\t\t\t<div class=\"elementor-widget-wrap elementor-element-populated\">\n\t\t\t\t\t\t\t\t<div class=\"elementor-element elementor-element-5ba2d3b animated-slow elementor-invisible elementor-widget elementor-widget-text-editor\" data-id=\"5ba2d3b\" data-element_type=\"widget\" data-settings=\"{&quot;_animation&quot;:&quot;fadeIn&quot;}\" data-widget_type=\"text-editor.default\">\n\t\t\t\t<div class=\"elementor-widget-container\">\n\t\t\t<style>\/*! elementor - v3.16.0 - 20-09-2023 *\/\n.elementor-widget-text-editor.elementor-drop-cap-view-stacked .elementor-drop-cap{background-color:#69727d;color:#fff}.elementor-widget-text-editor.elementor-drop-cap-view-framed .elementor-drop-cap{color:#69727d;border:3px solid;background-color:transparent}.elementor-widget-text-editor:not(.elementor-drop-cap-view-default) .elementor-drop-cap{margin-top:8px}.elementor-widget-text-editor:not(.elementor-drop-cap-view-default) .elementor-drop-cap-letter{width:1em;height:1em}.elementor-widget-text-editor .elementor-drop-cap{float:left;text-align:center;line-height:1;font-size:50px}.elementor-widget-text-editor .elementor-drop-cap-letter{display:inline-block}<\/style>\t\t\t\t<p><span style=\"color: #00f0d2;\"><b>Experiencia en Cargos P\u00fablicos<\/b><\/span><\/p>\t\t\t\t\t\t<\/div>\n\t\t\t\t<\/div>\n\t\t\t\t\t<\/div>\n\t\t<\/div>\n\t\t\t\t<div class=\"elementor-column elementor-col-50 elementor-top-column elementor-element elementor-element-32b4bb8\" data-id=\"32b4bb8\" data-element_type=\"column\">\n\t\t\t<div class=\"elementor-widget-wrap elementor-element-populated\">\n\t\t\t\t\t\t\t\t<div class=\"elementor-element elementor-element-ab22a38 animated-slow elementor-invisible elementor-widget elementor-widget-text-editor\" data-id=\"ab22a38\" data-element_type=\"widget\" data-settings=\"{&quot;_animation&quot;:&quot;fadeIn&quot;}\" data-widget_type=\"text-editor.default\">\n\t\t\t\t<div class=\"elementor-widget-container\">\n\t\t\t\t\t\t\t<p>Representante a la C\u00e1mara (2010-2014)<\/p><p>Senador (2018)<\/p><p>Concejal (2020-2023)\u00a0<\/p>\t\t\t\t\t\t<\/div>\n\t\t\t\t<\/div>\n\t\t\t\t\t<\/div>\n\t\t<\/div>\n\t\t\t\t\t\t\t<\/div>\n\t\t<\/section>\n\t\t\t\t<section class=\"elementor-section elementor-top-section elementor-element elementor-element-0d8fd4a elementor-section-boxed elementor-section-height-default elementor-section-height-default\" data-id=\"0d8fd4a\" data-element_type=\"section\" data-settings=\"{&quot;background_background&quot;:&quot;classic&quot;}\">\n\t\t\t\t\t\t<div class=\"elementor-container elementor-column-gap-default\">\n\t\t\t\t\t<div class=\"elementor-column elementor-col-50 elementor-top-column elementor-element elementor-element-263159c\" data-id=\"263159c\" data-element_type=\"column\">\n\t\t\t<div class=\"elementor-widget-wrap elementor-element-populated\">\n\t\t\t\t\t\t\t\t<div class=\"elementor-element elementor-element-d63399f animated-slow elementor-invisible elementor-widget elementor-widget-text-editor\" data-id=\"d63399f\" data-element_type=\"widget\" data-settings=\"{&quot;_animation&quot;:&quot;fadeIn&quot;}\" data-widget_type=\"text-editor.default\">\n\t\t\t\t<div class=\"elementor-widget-container\">\n\t\t\t\t\t\t\t<p><span style=\"color: #00f0d2;\"><b>Profesi\u00f3n<\/b><\/span><\/p>\t\t\t\t\t\t<\/div>\n\t\t\t\t<\/div>\n\t\t\t\t\t<\/div>\n\t\t<\/div>\n\t\t\t\t<div class=\"elementor-column elementor-col-50 elementor-top-column elementor-element elementor-element-03e497e\" data-id=\"03e497e\" data-element_type=\"column\">\n\t\t\t<div class=\"elementor-widget-wrap elementor-element-populated\">\n\t\t\t\t\t\t\t\t<div class=\"elementor-element elementor-element-7787e54 animated-slow elementor-invisible elementor-widget elementor-widget-text-editor\" data-id=\"7787e54\" data-element_type=\"widget\" data-settings=\"{&quot;_animation&quot;:&quot;fadeIn&quot;}\" data-widget_type=\"text-editor.default\">\n\t\t\t\t<div class=\"elementor-widget-container\">\n\t\t\t\t\t\t\t<p><span data-sheets-value=\"{&quot;1&quot;:2,&quot;2&quot;:&quot;Est\u00e1 pr\u00f3ximo a graduarse como polit\u00f3logo &quot;}\" data-sheets-userformat=\"{&quot;2&quot;:13309,&quot;3&quot;:{&quot;1&quot;:0},&quot;5&quot;:{&quot;1&quot;:[{&quot;1&quot;:2,&quot;2&quot;:0,&quot;5&quot;:{&quot;1&quot;:2,&quot;2&quot;:0}},{&quot;1&quot;:0,&quot;2&quot;:0,&quot;3&quot;:3},{&quot;1&quot;:1,&quot;2&quot;:0,&quot;4&quot;:1}]},&quot;6&quot;:{&quot;1&quot;:[{&quot;1&quot;:2,&quot;2&quot;:0,&quot;5&quot;:{&quot;1&quot;:2,&quot;2&quot;:0}},{&quot;1&quot;:0,&quot;2&quot;:0,&quot;3&quot;:3},{&quot;1&quot;:1,&quot;2&quot;:0,&quot;4&quot;:1}]},&quot;7&quot;:{&quot;1&quot;:[{&quot;1&quot;:2,&quot;2&quot;:0,&quot;5&quot;:{&quot;1&quot;:2,&quot;2&quot;:0}},{&quot;1&quot;:0,&quot;2&quot;:0,&quot;3&quot;:3},{&quot;1&quot;:1,&quot;2&quot;:0,&quot;4&quot;:1}]},&quot;8&quot;:{&quot;1&quot;:[{&quot;1&quot;:2,&quot;2&quot;:0,&quot;5&quot;:{&quot;1&quot;:2,&quot;2&quot;:0}},{&quot;1&quot;:0,&quot;2&quot;:0,&quot;3&quot;:3},{&quot;1&quot;:1,&quot;2&quot;:0,&quot;4&quot;:1}]},&quot;9&quot;:0,&quot;10&quot;:0,&quot;11&quot;:4,&quot;12&quot;:0,&quot;15&quot;:&quot;Raleway&quot;,&quot;16&quot;:11}\">Est\u00e1 pr\u00f3ximo a graduarse como polit\u00f3logo <\/span><\/p>\t\t\t\t\t\t<\/div>\n\t\t\t\t<\/div>\n\t\t\t\t\t<\/div>\n\t\t<\/div>\n\t\t\t\t\t\t\t<\/div>\n\t\t<\/section>\n\t\t\t\t<section class=\"elementor-section elementor-top-section elementor-element elementor-element-12a8f6c elementor-section-boxed elementor-section-height-default elementor-section-height-default\" data-id=\"12a8f6c\" data-element_type=\"section\" data-settings=\"{&quot;background_background&quot;:&quot;classic&quot;}\">\n\t\t\t\t\t\t<div class=\"elementor-container elementor-column-gap-default\">\n\t\t\t\t\t<div class=\"elementor-column elementor-col-50 elementor-top-column elementor-element elementor-element-268a5bd\" data-id=\"268a5bd\" data-element_type=\"column\">\n\t\t\t<div class=\"elementor-widget-wrap elementor-element-populated\">\n\t\t\t\t\t\t\t\t<div class=\"elementor-element elementor-element-28a9183 animated-slow elementor-invisible elementor-widget elementor-widget-text-editor\" data-id=\"28a9183\" data-element_type=\"widget\" data-settings=\"{&quot;_animation&quot;:&quot;fadeIn&quot;}\" data-widget_type=\"text-editor.default\">\n\t\t\t\t<div class=\"elementor-widget-container\">\n\t\t\t\t\t\t\t<p><span style=\"color: #00f0d2;\"><b>Partido o Movimiento<\/b><\/span><\/p>\t\t\t\t\t\t<\/div>\n\t\t\t\t<\/div>\n\t\t\t\t\t<\/div>\n\t\t<\/div>\n\t\t\t\t<div class=\"elementor-column elementor-col-50 elementor-top-column elementor-element elementor-element-529156b\" data-id=\"529156b\" data-element_type=\"column\">\n\t\t\t<div class=\"elementor-widget-wrap elementor-element-populated\">\n\t\t\t\t\t\t\t\t<div class=\"elementor-element elementor-element-7495861 animated-slow elementor-invisible elementor-widget elementor-widget-text-editor\" data-id=\"7495861\" data-element_type=\"widget\" data-settings=\"{&quot;_animation&quot;:&quot;fadeIn&quot;}\" data-widget_type=\"text-editor.default\">\n\t\t\t\t<div class=\"elementor-widget-container\">\n\t\t\t\t\t\t\t\t\t\t\t\t\t<\/div>\n\t\t\t\t<\/div>\n\t\t\t\t\t<\/div>\n\t\t<\/div>\n\t\t\t\t\t\t\t<\/div>\n\t\t<\/section>\n\t\t\t\t<section class=\"elementor-section elementor-top-section elementor-element elementor-element-108bc8f elementor-section-boxed elementor-section-height-default elementor-section-height-default\" data-id=\"108bc8f\" data-element_type=\"section\" data-settings=\"{&quot;background_background&quot;:&quot;classic&quot;}\">\n\t\t\t\t\t\t<div class=\"elementor-container elementor-column-gap-default\">\n\t\t\t\t\t<div class=\"elementor-column elementor-col-50 elementor-top-column elementor-element elementor-element-b13e477\" data-id=\"b13e477\" data-element_type=\"column\">\n\t\t\t<div class=\"elementor-widget-wrap elementor-element-populated\">\n\t\t\t\t\t\t\t\t<div class=\"elementor-element elementor-element-6101bb8 animated-slow elementor-invisible elementor-widget elementor-widget-text-editor\" data-id=\"6101bb8\" data-element_type=\"widget\" data-settings=\"{&quot;_animation&quot;:&quot;fadeIn&quot;}\" data-widget_type=\"text-editor.default\">\n\t\t\t\t<div class=\"elementor-widget-container\">\n\t\t\t\t\t\t\t<p><span style=\"color: #00f0d2;\"><b>Ha mostrado apoyo al Gobierno<\/b><\/span><\/p>\t\t\t\t\t\t<\/div>\n\t\t\t\t<\/div>\n\t\t\t\t\t<\/div>\n\t\t<\/div>\n\t\t\t\t<div class=\"elementor-column elementor-col-50 elementor-top-column elementor-element elementor-element-06d68ba\" data-id=\"06d68ba\" data-element_type=\"column\">\n\t\t\t<div class=\"elementor-widget-wrap elementor-element-populated\">\n\t\t\t\t\t\t\t\t<div class=\"elementor-element elementor-element-3befd8b animated-slow elementor-invisible elementor-widget elementor-widget-text-editor\" data-id=\"3befd8b\" data-element_type=\"widget\" data-settings=\"{&quot;_animation&quot;:&quot;fadeIn&quot;}\" data-widget_type=\"text-editor.default\">\n\t\t\t\t<div class=\"elementor-widget-container\">\n\t\t\t\t\t\t\t<p><span data-sheets-value=\"{&quot;1&quot;:2,&quot;2&quot;:&quot;No&quot;}\" data-sheets-userformat=\"{&quot;2&quot;:13309,&quot;3&quot;:{&quot;1&quot;:0},&quot;5&quot;:{&quot;1&quot;:[{&quot;1&quot;:2,&quot;2&quot;:0,&quot;5&quot;:{&quot;1&quot;:2,&quot;2&quot;:0}},{&quot;1&quot;:0,&quot;2&quot;:0,&quot;3&quot;:3},{&quot;1&quot;:1,&quot;2&quot;:0,&quot;4&quot;:1}]},&quot;6&quot;:{&quot;1&quot;:[{&quot;1&quot;:2,&quot;2&quot;:0,&quot;5&quot;:{&quot;1&quot;:2,&quot;2&quot;:0}},{&quot;1&quot;:0,&quot;2&quot;:0,&quot;3&quot;:3},{&quot;1&quot;:1,&quot;2&quot;:0,&quot;4&quot;:1}]},&quot;7&quot;:{&quot;1&quot;:[{&quot;1&quot;:2,&quot;2&quot;:0,&quot;5&quot;:{&quot;1&quot;:2,&quot;2&quot;:0}},{&quot;1&quot;:0,&quot;2&quot;:0,&quot;3&quot;:3},{&quot;1&quot;:1,&quot;2&quot;:0,&quot;4&quot;:1}]},&quot;8&quot;:{&quot;1&quot;:[{&quot;1&quot;:2,&quot;2&quot;:0,&quot;5&quot;:{&quot;1&quot;:2,&quot;2&quot;:0}},{&quot;1&quot;:0,&quot;2&quot;:0,&quot;3&quot;:3},{&quot;1&quot;:1,&quot;2&quot;:0,&quot;4&quot;:1}]},&quot;9&quot;:0,&quot;10&quot;:0,&quot;11&quot;:4,&quot;12&quot;:0,&quot;15&quot;:&quot;Raleway&quot;,&quot;16&quot;:11}\">No<\/span><\/p>\t\t\t\t\t\t<\/div>\n\t\t\t\t<\/div>\n\t\t\t\t\t<\/div>\n\t\t<\/div>\n\t\t\t\t\t\t\t<\/div>\n\t\t<\/section>\n\t\t\t\t<section class=\"elementor-section elementor-top-section elementor-element elementor-element-4f2fcd5 elementor-section-boxed elementor-section-height-default elementor-section-height-default\" data-id=\"4f2fcd5\" data-element_type=\"section\">\n\t\t\t\t\t\t<div class=\"elementor-container elementor-column-gap-default\">\n\t\t\t\t\t<div class=\"elementor-column elementor-col-100 elementor-top-column elementor-element elementor-element-7ea1cab\" data-id=\"7ea1cab\" data-element_type=\"column\">\n\t\t\t<div class=\"elementor-widget-wrap elementor-element-populated\">\n\t\t\t\t\t\t\t\t<div class=\"elementor-element elementor-element-716a4c8 elementor-invisible elementor-widget elementor-widget-heading\" data-id=\"716a4c8\" data-element_type=\"widget\" data-settings=\"{&quot;_animation&quot;:&quot;fadeInUp&quot;}\" data-widget_type=\"heading.default\">\n\t\t\t\t<div class=\"elementor-widget-container\">\n\t\t\t<h2 class=\"elementor-heading-title elementor-size-default\">Plan de gobierno<\/h2>\t\t<\/div>\n\t\t\t\t<\/div>\n\t\t\t\t\t<\/div>\n\t\t<\/div>\n\t\t\t\t\t\t\t<\/div>\n\t\t<\/section>\n\t\t\t\t<section class=\"elementor-section elementor-top-section elementor-element elementor-element-c5d0366 elementor-section-full_width elementor-section-height-default elementor-section-height-default\" data-id=\"c5d0366\" data-element_type=\"section\">\n\t\t\t\t\t\t<div class=\"elementor-container elementor-column-gap-no\">\n\t\t\t\t\t<div class=\"elementor-column elementor-col-100 elementor-top-column elementor-element elementor-element-9a64a74\" data-id=\"9a64a74\" data-element_type=\"column\">\n\t\t\t<div class=\"elementor-widget-wrap elementor-element-populated\">\n\t\t\t\t\t\t\t\t<div class=\"elementor-element elementor-element-6fb2c06 elementor-invisible elementor-widget elementor-widget-image\" data-id=\"6fb2c06\" data-element_type=\"widget\" data-settings=\"{&quot;_animation&quot;:&quot;fadeIn&quot;}\" data-widget_type=\"image.default\">\n\t\t\t\t<div class=\"elementor-widget-container\">\n\t\t\t\t\t\t\t\t\t\t\t\t\t\t\t<img decoding=\"async\" loading=\"lazy\" width=\"814\" height=\"48\" src=\"https:\/\/orza.com.co\/elecciones-regionales-2023\/wp-content\/uploads\/2022\/03\/Group-41.svg\" class=\"attachment-large size-large wp-image-143\" alt=\"\" \/>\t\t\t\t\t\t\t\t\t\t\t\t\t\t\t<\/div>\n\t\t\t\t<\/div>\n\t\t\t\t\t<\/div>\n\t\t<\/div>\n\t\t\t\t\t\t\t<\/div>\n\t\t<\/section>\n\t\t\t\t<section class=\"elementor-section elementor-top-section elementor-element elementor-element-7892f99 full-white elementor-reverse-tablet elementor-reverse-mobile elementor-section-boxed elementor-section-height-default elementor-section-height-default\" data-id=\"7892f99\" data-element_type=\"section\" data-settings=\"{&quot;background_background&quot;:&quot;gradient&quot;}\">\n\t\t\t\t\t\t<div class=\"elementor-container elementor-column-gap-default\">\n\t\t\t\t\t<div class=\"elementor-column elementor-col-100 elementor-top-column elementor-element elementor-element-4b9f58a\" data-id=\"4b9f58a\" data-element_type=\"column\">\n\t\t\t<div class=\"elementor-widget-wrap elementor-element-populated\">\n\t\t\t\t\t\t\t\t<div class=\"elementor-element elementor-element-7708e4c elementor-invisible elementor-widget elementor-widget-heading\" data-id=\"7708e4c\" data-element_type=\"widget\" data-settings=\"{&quot;_animation&quot;:&quot;fadeInUp&quot;}\" data-widget_type=\"heading.default\">\n\t\t\t\t<div class=\"elementor-widget-container\">\n\t\t\t<h2 class=\"elementor-heading-title elementor-size-default\">Movilidad<\/h2>\t\t<\/div>\n\t\t\t\t<\/div>\n\t\t\t\t<div class=\"elementor-element elementor-element-94ea5e2 animated-slow elementor-invisible elementor-widget elementor-widget-text-editor\" data-id=\"94ea5e2\" data-element_type=\"widget\" data-settings=\"{&quot;_animation&quot;:&quot;fadeIn&quot;}\" data-widget_type=\"text-editor.default\">\n\t\t\t\t<div class=\"elementor-widget-container\">\n\t\t\t\t\t\t\t<p><span data-sheets-value=\"{&quot;1&quot;:2,&quot;2&quot;:&quot;\\r\\n\u2022\\tPromoci\u00f3n de las TIC para acceso al conocimiento y oportunidades.\\r\\n\u2022\\tDesarrollo tecnol\u00f3gico en el sector p\u00fablico y lucha contra el cambio clim\u00e1tico.\\r\\n\u2022\\tPotenciaci\u00f3n de la innovaci\u00f3n como herramienta social inclusiva y justa.\\r\\n\u2022\\tAcceso a Internet en estratos 1 y 2.\\r\\n\u2022\\tFortalecimiento de la ETB para conectividad rural y vulnerabilidad.\\r\\n\u2022\\tImpulso a la tecnolog\u00eda 5G en colaboraci\u00f3n con operadores p\u00fablicos y privados.\\r\\n\u2022\\tMejora de infraestructuras de telecomunicaciones.\\r\\n\u2022\\tPromoci\u00f3n de una cultura digital inclusiva y productiva.\\r\\n\u2022\\tMedidas de seguridad digital y ciberseguridad.\\r\\n\u2022\\tAdministraci\u00f3n m\u00e1s eficiente con Bogot\u00e1 Digital.\\r\\n\u2022\\tEst\u00edmulo a la formaci\u00f3n en tecnolog\u00edas web y reentrenamiento en tecnolog\u00edas digitales.\\r\\n\u2022\\tFomento del emprendimiento tecnol\u00f3gico y creaci\u00f3n de rutas de talento.\\r\\n\u2022\\tPromoci\u00f3n de la movilidad sostenible y el teletrabajo para reducir contaminaci\u00f3n y congesti\u00f3n vehicular.\\r\\n\u2022\\tCreaci\u00f3n de un chatbot disponible todo el tiempo para que los ciudadanos puedan acceder a tr\u00e1mites y servicios de forma \u00e1gil y sin intermediarios, consultando informaci\u00f3n seg\u00fan sus necesidades o intereses.\\r\\n&quot;}\" data-sheets-userformat=\"{&quot;2&quot;:15293,&quot;3&quot;:{&quot;1&quot;:0},&quot;5&quot;:{&quot;1&quot;:[{&quot;1&quot;:2,&quot;2&quot;:0,&quot;5&quot;:{&quot;1&quot;:2,&quot;2&quot;:0}},{&quot;1&quot;:0,&quot;2&quot;:0,&quot;3&quot;:3},{&quot;1&quot;:1,&quot;2&quot;:0,&quot;4&quot;:1}]},&quot;6&quot;:{&quot;1&quot;:[{&quot;1&quot;:2,&quot;2&quot;:0,&quot;5&quot;:{&quot;1&quot;:2,&quot;2&quot;:0}},{&quot;1&quot;:0,&quot;2&quot;:0,&quot;3&quot;:3},{&quot;1&quot;:1,&quot;2&quot;:0,&quot;4&quot;:1}]},&quot;7&quot;:{&quot;1&quot;:[{&quot;1&quot;:2,&quot;2&quot;:0,&quot;5&quot;:{&quot;1&quot;:2,&quot;2&quot;:0}},{&quot;1&quot;:0,&quot;2&quot;:0,&quot;3&quot;:3},{&quot;1&quot;:1,&quot;2&quot;:0,&quot;4&quot;:1}]},&quot;8&quot;:{&quot;1&quot;:[{&quot;1&quot;:2,&quot;2&quot;:0,&quot;5&quot;:{&quot;1&quot;:2,&quot;2&quot;:0}},{&quot;1&quot;:0,&quot;2&quot;:0,&quot;3&quot;:3},{&quot;1&quot;:1,&quot;2&quot;:0,&quot;4&quot;:1}]},&quot;10&quot;:0,&quot;11&quot;:4,&quot;12&quot;:0,&quot;14&quot;:{&quot;1&quot;:2,&quot;2&quot;:0},&quot;15&quot;:&quot;Raleway&quot;,&quot;16&quot;:11}\">Transformar la movilidad en Cali, con el objetivo de brindar a los ciudadanos una experiencia c\u00f3moda, segura y r\u00e1pida al desplazarse por la ciudad.<br \/><br \/>Implementar tarifas que engloben varios modos de transporte, con el fin de aumentar la accesibilidad y la comodidad de los viajeros.<br \/><br \/>Fortalecer la autoridad encargada de gestionar la movilidad en la ciudad para lograr una coordinaci\u00f3n m\u00e1s eficiente entre los diferentes componentes del sistema de transporte.<br \/><br \/>Promover la mejora de la eficiencia y la seguridad de todos los medios de transporte disponibles en Cali mediante inversiones en infraestructura y tecnolog\u00eda.<br \/><br \/>Transformar la Secretar\u00eda de Movilidad para que asuma un papel central en el Sistema Inteligente Integrado de Transporte P\u00fablico (SIITP), involucrando a diversos actores, como buses colectivos, camperos, y futuramente, el Metro y el tren de cercan\u00edas<br \/><br \/>Crear un sistema de integraci\u00f3n multimodal que facilite la interconexi\u00f3n entre diferentes modos de transporte, como buses, tranv\u00edas, veh\u00edculos privados, bicicletas y futuros proyectos como el metro.<br \/><br \/>Promover la integraci\u00f3n multimodal entre el MIO, buses colectivos y camperos, especialmente en las zonas monta\u00f1osas, con el objetivo de reducir la congesti\u00f3n vehicular y la contaminaci\u00f3n ambiental.<br \/><br \/>Integrar el sistema de transporte p\u00fablico a empresas informales de transporte mediante acuerdos que les faciliten la adquisici\u00f3n de veh\u00edculos seguros y eficientes.<br \/><br \/>Identificar zonas que requieren m\u00e1s rutas y mejorar la frecuencia del transporte p\u00fablico, adem\u00e1s de identificar puntos estrat\u00e9gicos de conexi\u00f3n.<br \/><br \/>Implementar un sistema que permita a los usuarios acceder a informaci\u00f3n sobre rutas y horarios de transporte, ayud\u00e1ndolos a tomar decisiones informadas sobre su movilidad.<br \/><br \/>Mejorar la seguridad y organizaci\u00f3n del transporte en motocicleta, promoviendo la colaboraci\u00f3n entre diversas entidades y organizaciones de motociclistas.<br \/><br \/>Identificar v\u00edas adecuadas para moto rutas y zonas especiales para motocicletas en sem\u00e1foros y estacionamientos. Adem\u00e1s, se promover\u00e1 la construcci\u00f3n de una Red Integral de Ciclorrutas en \u00e1reas de alta demanda.<br \/><br \/>Impulsar asociaciones entre el sector p\u00fablico y la comunidad para mejorar la pavimentaci\u00f3n de calles en Cali y en las zonas rurales.<br \/><br \/>Promover alternativas como el Metro, el tren de cercan\u00edas, la movilidad sostenible y la gesti\u00f3n de islas de calor como parte integral de su enfoque en mejorar la movilidad en Cali<\/span><\/p>\t\t\t\t\t\t<\/div>\n\t\t\t\t<\/div>\n\t\t\t\t\t<\/div>\n\t\t<\/div>\n\t\t\t\t\t\t\t<\/div>\n\t\t<\/section>\n\t\t\t\t<section class=\"elementor-section elementor-top-section elementor-element elementor-element-4938c21 elementor-section-boxed elementor-section-height-default elementor-section-height-default\" data-id=\"4938c21\" data-element_type=\"section\">\n\t\t\t\t\t\t<div class=\"elementor-container elementor-column-gap-default\">\n\t\t\t\t\t<div class=\"elementor-column elementor-col-100 elementor-top-column elementor-element elementor-element-88a0045\" data-id=\"88a0045\" data-element_type=\"column\">\n\t\t\t<div class=\"elementor-widget-wrap elementor-element-populated\">\n\t\t\t\t\t\t\t\t<div class=\"elementor-element elementor-element-b2a356e elementor-invisible elementor-widget elementor-widget-heading\" data-id=\"b2a356e\" data-element_type=\"widget\" data-settings=\"{&quot;_animation&quot;:&quot;fadeInUp&quot;}\" data-widget_type=\"heading.default\">\n\t\t\t\t<div class=\"elementor-widget-container\">\n\t\t\t<h2 class=\"elementor-heading-title elementor-size-default\">Infraestructura<\/h2>\t\t<\/div>\n\t\t\t\t<\/div>\n\t\t\t\t<div class=\"elementor-element elementor-element-2f647c2 animated-slow elementor-invisible elementor-widget elementor-widget-text-editor\" data-id=\"2f647c2\" data-element_type=\"widget\" data-settings=\"{&quot;_animation&quot;:&quot;fadeIn&quot;}\" data-widget_type=\"text-editor.default\">\n\t\t\t\t<div class=\"elementor-widget-container\">\n\t\t\t\t\t\t\t<p><span data-sheets-value=\"{&quot;1&quot;:2,&quot;2&quot;:&quot;\u2022 Implementaci\u00f3n de campa\u00f1as de salud escolar para mejorar la salud visual de los ni\u00f1os y fortalecimiento de las enfermer\u00edas en las escuelas.\\n\u2022 Creaci\u00f3n de un Observatorio Social de Pol\u00edticas P\u00fablicas para abordar indicadores cr\u00edticos desde una Mesa Intersectorial de Atenci\u00f3n Primaria.\\n\u2022 Fortalecimiento de la Atenci\u00f3n Primaria en Salud (APS) con un enfoque interdisciplinario y tecnol\u00f3gico para reducir desigualdades y conectar servicios m\u00e9dicos.\\n\u2022 Utilizaci\u00f3n de tecnolog\u00eda para monitoreo y diagn\u00f3stico, incluyendo la expedici\u00f3n del Plan Decenal de Salud con enfoque intersectorial.\\n\u2022 \u00c9nfasis en la salud mental y h\u00e1bitos saludables, as\u00ed como la creaci\u00f3n de una red de conocimiento p\u00fablico-privado.\\n\u2022 Mejora de la interoperabilidad de sistemas de informaci\u00f3n y colaboraci\u00f3n con la academia en pol\u00edticas de salud.\\n\u2022 Ampliaci\u00f3n de la capacidad hospitalaria mediante alianzas p\u00fablico-privadas y la introducci\u00f3n de la telemedicina para abordar la escasez de personal m\u00e9dico.\\n\u2022 Enfoque en la salud mental, seguridad sanitaria, formaci\u00f3n de talento humano y perspectiva de g\u00e9nero en las pol\u00edticas de salud.\\n&quot;}\" data-sheets-userformat=\"{&quot;2&quot;:15233,&quot;3&quot;:{&quot;1&quot;:0},&quot;10&quot;:0,&quot;11&quot;:4,&quot;12&quot;:0,&quot;14&quot;:{&quot;1&quot;:2,&quot;2&quot;:0},&quot;15&quot;:&quot;Raleway&quot;,&quot;16&quot;:11}\" data-sheets-textstyleruns=\"{&quot;1&quot;:0,&quot;2&quot;:{}}\uee10{&quot;1&quot;:1159}\">Mejorar la malla vial y la ejecuci\u00f3n de importantes proyectos de infraestructura en el \u00e1rea urbana del Distrito de Cali.<br \/><br \/>Implementar un sistema de transporte p\u00fablico eficiente, que incluir\u00e1 la construcci\u00f3n de tres l\u00edneas de metro que cubrir\u00e1n 30.5 km y contar\u00e1n con 16 puntos de integraci\u00f3n multimodal. La financiaci\u00f3n ser\u00e1 una alianza p\u00fablico-privada, con un aporte del 70% por parte de la Naci\u00f3n y el 30% del Distrito.<br \/><br \/>Recuperar y pavimentar aproximadamente 600 kil\u00f3metros de v\u00edas en el \u00e1rea urbana de Cali, considerando que alrededor del 65% de ellas se encuentra en estado regular, mal estado o no est\u00e1 pavimentada.<br \/><br \/>Realizar estudios de factibilidad para la construcci\u00f3n de dos corredores de integraci\u00f3n regional. Uno en el este, que conectar\u00e1 Cali, Yumbo, Candelaria, Palmira y Jamund\u00ed, y otro en el oeste, que unir\u00e1 Cali con Yumbo y Jamund\u00ed. Estos proyectos de s\u00faper autopistas se integrar\u00e1n a los ejes viales existentes y tendr\u00e1n el objetivo de mejorar la conectividad y el flujo de veh\u00edculos.<br \/><br \/>Completar las obras contratadas con fondos provenientes de empr\u00e9stitos y valorizaci\u00f3n. Tambi\u00e9n se analizar\u00e1 la prioridad de obras ya financiadas por valorizaci\u00f3n que requieren una ejecuci\u00f3n urgente, como la prolongaci\u00f3n de la Avenida Circunvalar de la carrera 80 a la 122, la intersecci\u00f3n a desnivel de la calle 10, Autopista Suroriental con carrera 66, y la apertura de la calle 36 norte avenida 6 BN en Chipichape.<\/span><\/p>\t\t\t\t\t\t<\/div>\n\t\t\t\t<\/div>\n\t\t\t\t\t<\/div>\n\t\t<\/div>\n\t\t\t\t\t\t\t<\/div>\n\t\t<\/section>\n\t\t\t\t<section class=\"elementor-section elementor-top-section elementor-element elementor-element-9fcbd73 full-white elementor-reverse-tablet elementor-reverse-mobile elementor-section-boxed elementor-section-height-default elementor-section-height-default\" data-id=\"9fcbd73\" data-element_type=\"section\" data-settings=\"{&quot;background_background&quot;:&quot;gradient&quot;}\">\n\t\t\t\t\t\t<div class=\"elementor-container elementor-column-gap-default\">\n\t\t\t\t\t<div class=\"elementor-column elementor-col-100 elementor-top-column elementor-element elementor-element-7375dfd\" data-id=\"7375dfd\" data-element_type=\"column\">\n\t\t\t<div class=\"elementor-widget-wrap elementor-element-populated\">\n\t\t\t\t\t\t\t\t<div class=\"elementor-element elementor-element-9b62a8e elementor-invisible elementor-widget elementor-widget-heading\" data-id=\"9b62a8e\" data-element_type=\"widget\" data-settings=\"{&quot;_animation&quot;:&quot;fadeInUp&quot;}\" data-widget_type=\"heading.default\">\n\t\t\t\t<div class=\"elementor-widget-container\">\n\t\t\t<h2 class=\"elementor-heading-title elementor-size-default\">Medio ambiente<\/h2>\t\t<\/div>\n\t\t\t\t<\/div>\n\t\t\t\t<div class=\"elementor-element elementor-element-9001e4f animated-slow elementor-invisible elementor-widget elementor-widget-text-editor\" data-id=\"9001e4f\" data-element_type=\"widget\" data-settings=\"{&quot;_animation&quot;:&quot;fadeIn&quot;}\" data-widget_type=\"text-editor.default\">\n\t\t\t\t<div class=\"elementor-widget-container\">\n\t\t\t\t\t\t\t<p><span data-sheets-value=\"{&quot;1&quot;:2,&quot;2&quot;:&quot;Promover el uso de energ\u00edas renovables y mejorar\u00e1 la calidad del servicio el\u00e9ctrico, ofreciendo tarifas competitivas y un enfoque en la fidelizaci\u00f3n de los clientes de energ\u00eda. \\n\\nImpulsar el desarrollo urbano sostenible, liderando la densificaci\u00f3n y redensificaci\u00f3n de la ciudad, previniendo la urbanizaci\u00f3n informal y promoviendo acciones coherentes, como planes parciales bien dise\u00f1ados, legalizaci\u00f3n de barrios, titulaci\u00f3n de predios y reasentamientos de la poblaci\u00f3n. \\n\\nFortalecer la colaboraci\u00f3n entre la Secretar\u00eda de Gesti\u00f3n del Riesgo de Emergencias y Desastres y la Secretar\u00eda de Vivienda Social y H\u00e1bitat para implementar la pol\u00edtica p\u00fablica \\&quot;Mi H\u00e1bitat\\&quot;. Esto incluir\u00e1 el reasentamiento de poblaciones en zonas vulnerables y en riesgo debido a deslizamientos y inundaciones. \\n\\nPromover la participaci\u00f3n de las juntas que administran acueductos veredales en la creaci\u00f3n de una pol\u00edtica p\u00fablica que aborde temas como salud, educaci\u00f3n, vivienda, v\u00edas p\u00fablicas, conservaci\u00f3n del medio ambiente y atenci\u00f3n a la pobreza extrema. \\n\\nGestionar la finalizaci\u00f3n de la \\&quot;Vuelta a Occidente\\&quot;, buscando acuerdos y recursos con el Gobierno Nacional, incluyendo la tramitaci\u00f3n de licencias ambientales necesarias. \\n\\nConstruir un \\&quot;Pacto Inteligente con la Naturaleza\\&quot; para promover la educaci\u00f3n y cultura ambiental, ordenando el territorio en torno al agua y la justicia ambiental. \\n\\nImplementar una pol\u00edtica ambiental integral que se alinee con los Objetivos de Desarrollo Sostenible y abarque tanto el \u00e1rea urbana como rural, con medidas de adaptaci\u00f3n y mitigaci\u00f3n del cambio clim\u00e1tico. \\n\\nFortalecer la participaci\u00f3n social y comunitaria en los procesos de planificaci\u00f3n y gesti\u00f3n ambiental. \\n\\nFortalecer la autoridad ambiental y su capacidad de vigilancia, mejorando su gesti\u00f3n para aprovechar las oportunidades de desarrollo ambiental. \\n\\nRealizar una planificaci\u00f3n adecuada de los recursos naturales, asegurando su disponibilidad para las generaciones presentes y futuras. \\n\\nFortalecer la gobernanza del agua a trav\u00e9s de acuerdos con entidades protectoras de cuencas, ONG ambientalistas, academia y organizaciones sociales. \\n\\nEstablecer un Centro de monitoreo ambiental que integre diversos sistemas de monitoreo, permitiendo diagn\u00f3sticos integrales y acciones de inspecci\u00f3n y control m\u00e1s eficientes. \\n\\nDesarrollar acciones para reducir las fuentes contaminantes, incluyendo incendios forestales, quemas agr\u00edcolas, emisiones industriales y otros factores de contaminaci\u00f3n. \\n\\nDesarrollar acciones armonizadas con el plan de gesti\u00f3n integral del cambio clim\u00e1tico y se promover\u00e1 un modelo de desarrollo bajo en carbono \\n\\nFortalecer la Estructura Ecol\u00f3gica Principal y el Sistema Distrital de \u00c1reas Protegidas, prestando especial atenci\u00f3n a \u00e1reas como el Parque Nacional Natural Farallones de Cali y reservas naturales. \\n\\nImpulsar proyectos de conservaci\u00f3n en parques, ecoparques, corredores ambientales urbanos, humedales p\u00fablicos y otras \u00e1reas, con un enfoque en la protecci\u00f3n de recursos naturales \\n\\nAumentar la arborizaci\u00f3n urbana, reduciendo las islas de calor y promoviendo la siembra adecuada y el mantenimiento de especies nativas. \\n\\nDesarrollar el Establecimiento P\u00fablico Ambiental para fortalecer la autoridad ambiental en el Distrito de Cali y mejorar la gesti\u00f3n de recursos y proyectos ambientales.\\n\\n&quot;}\" data-sheets-userformat=\"{&quot;2&quot;:13309,&quot;3&quot;:{&quot;1&quot;:0},&quot;5&quot;:{&quot;1&quot;:[{&quot;1&quot;:2,&quot;2&quot;:0,&quot;5&quot;:{&quot;1&quot;:2,&quot;2&quot;:0}},{&quot;1&quot;:0,&quot;2&quot;:0,&quot;3&quot;:3},{&quot;1&quot;:1,&quot;2&quot;:0,&quot;4&quot;:1}]},&quot;6&quot;:{&quot;1&quot;:[{&quot;1&quot;:2,&quot;2&quot;:0,&quot;5&quot;:{&quot;1&quot;:2,&quot;2&quot;:0}},{&quot;1&quot;:0,&quot;2&quot;:0,&quot;3&quot;:3},{&quot;1&quot;:1,&quot;2&quot;:0,&quot;4&quot;:1}]},&quot;7&quot;:{&quot;1&quot;:[{&quot;1&quot;:2,&quot;2&quot;:0,&quot;5&quot;:{&quot;1&quot;:2,&quot;2&quot;:0}},{&quot;1&quot;:0,&quot;2&quot;:0,&quot;3&quot;:3},{&quot;1&quot;:1,&quot;2&quot;:0,&quot;4&quot;:1}]},&quot;8&quot;:{&quot;1&quot;:[{&quot;1&quot;:2,&quot;2&quot;:0,&quot;5&quot;:{&quot;1&quot;:2,&quot;2&quot;:0}},{&quot;1&quot;:0,&quot;2&quot;:0,&quot;3&quot;:3},{&quot;1&quot;:1,&quot;2&quot;:0,&quot;4&quot;:1}]},&quot;9&quot;:0,&quot;10&quot;:0,&quot;11&quot;:4,&quot;12&quot;:0,&quot;15&quot;:&quot;Raleway&quot;,&quot;16&quot;:11}\">Promover el uso de energ\u00edas renovables y mejorar\u00e1 la calidad del servicio el\u00e9ctrico, ofreciendo tarifas competitivas y un enfoque en la fidelizaci\u00f3n de los clientes de energ\u00eda. <br \/><br \/>Impulsar el desarrollo urbano sostenible, liderando la densificaci\u00f3n y redensificaci\u00f3n de la ciudad, previniendo la urbanizaci\u00f3n informal y promoviendo acciones coherentes, como planes parciales bien dise\u00f1ados, legalizaci\u00f3n de barrios, titulaci\u00f3n de predios y reasentamientos de la poblaci\u00f3n. <br \/><br \/>Fortalecer la colaboraci\u00f3n entre la Secretar\u00eda de Gesti\u00f3n del Riesgo de Emergencias y Desastres y la Secretar\u00eda de Vivienda Social y H\u00e1bitat para implementar la pol\u00edtica p\u00fablica \u00abMi H\u00e1bitat\u00bb. Esto incluir\u00e1 el reasentamiento de poblaciones en zonas vulnerables y en riesgo debido a deslizamientos y inundaciones. <br \/><br \/>Promover la participaci\u00f3n de las juntas que administran acueductos veredales en la creaci\u00f3n de una pol\u00edtica p\u00fablica que aborde temas como salud, educaci\u00f3n, vivienda, v\u00edas p\u00fablicas, conservaci\u00f3n del medio ambiente y atenci\u00f3n a la pobreza extrema. <br \/><br \/>Gestionar la finalizaci\u00f3n de la \u00abVuelta a Occidente\u00bb, buscando acuerdos y recursos con el Gobierno Nacional, incluyendo la tramitaci\u00f3n de licencias ambientales necesarias. <br \/><br \/>Construir un \u00abPacto Inteligente con la Naturaleza\u00bb para promover la educaci\u00f3n y cultura ambiental, ordenando el territorio en torno al agua y la justicia ambiental. <br \/><br \/>Implementar una pol\u00edtica ambiental integral que se alinee con los Objetivos de Desarrollo Sostenible y abarque tanto el \u00e1rea urbana como rural, con medidas de adaptaci\u00f3n y mitigaci\u00f3n del cambio clim\u00e1tico. <br \/><br \/>Fortalecer la participaci\u00f3n social y comunitaria en los procesos de planificaci\u00f3n y gesti\u00f3n ambiental. <br \/><br \/>Fortalecer la autoridad ambiental y su capacidad de vigilancia, mejorando su gesti\u00f3n para aprovechar las oportunidades de desarrollo ambiental. <br \/><br \/>Realizar una planificaci\u00f3n adecuada de los recursos naturales, asegurando su disponibilidad para las generaciones presentes y futuras. <br \/><br \/>Fortalecer la gobernanza del agua a trav\u00e9s de acuerdos con entidades protectoras de cuencas, ONG ambientalistas, academia y organizaciones sociales. <br \/><br \/>Establecer un Centro de monitoreo ambiental que integre diversos sistemas de monitoreo, permitiendo diagn\u00f3sticos integrales y acciones de inspecci\u00f3n y control m\u00e1s eficientes. <br \/><br \/>Desarrollar acciones para reducir las fuentes contaminantes, incluyendo incendios forestales, quemas agr\u00edcolas, emisiones industriales y otros factores de contaminaci\u00f3n. <br \/><br \/>Desarrollar acciones armonizadas con el plan de gesti\u00f3n integral del cambio clim\u00e1tico y se promover\u00e1 un modelo de desarrollo bajo en carbono <br \/><br \/>Fortalecer la Estructura Ecol\u00f3gica Principal y el Sistema Distrital de \u00c1reas Protegidas, prestando especial atenci\u00f3n a \u00e1reas como el Parque Nacional Natural Farallones de Cali y reservas naturales. <br \/><br \/>Impulsar proyectos de conservaci\u00f3n en parques, ecoparques, corredores ambientales urbanos, humedales p\u00fablicos y otras \u00e1reas, con un enfoque en la protecci\u00f3n de recursos naturales <br \/><br \/>Aumentar la arborizaci\u00f3n urbana, reduciendo las islas de calor y promoviendo la siembra adecuada y el mantenimiento de especies nativas. <br \/><br \/>Desarrollar el Establecimiento P\u00fablico Ambiental para fortalecer la autoridad ambiental en el Distrito de Cali y mejorar la gesti\u00f3n de recursos y proyectos ambientales.<br \/><br \/><\/span><\/p>\t\t\t\t\t\t<\/div>\n\t\t\t\t<\/div>\n\t\t\t\t\t<\/div>\n\t\t<\/div>\n\t\t\t\t\t\t\t<\/div>\n\t\t<\/section>\n\t\t\t\t<section class=\"elementor-section elementor-top-section elementor-element elementor-element-487edce elementor-section-boxed elementor-section-height-default elementor-section-height-default\" data-id=\"487edce\" data-element_type=\"section\">\n\t\t\t\t\t\t<div class=\"elementor-container elementor-column-gap-default\">\n\t\t\t\t\t<div class=\"elementor-column elementor-col-100 elementor-top-column elementor-element elementor-element-47a6cb5\" data-id=\"47a6cb5\" data-element_type=\"column\">\n\t\t\t<div class=\"elementor-widget-wrap elementor-element-populated\">\n\t\t\t\t\t\t\t\t<div class=\"elementor-element elementor-element-5e62bca elementor-invisible elementor-widget elementor-widget-heading\" data-id=\"5e62bca\" data-element_type=\"widget\" data-settings=\"{&quot;_animation&quot;:&quot;fadeInUp&quot;}\" data-widget_type=\"heading.default\">\n\t\t\t\t<div class=\"elementor-widget-container\">\n\t\t\t<h2 class=\"elementor-heading-title elementor-size-default\">Educaci\u00f3n<\/h2>\t\t<\/div>\n\t\t\t\t<\/div>\n\t\t\t\t<div class=\"elementor-element elementor-element-a2a4137 animated-slow elementor-invisible elementor-widget elementor-widget-text-editor\" data-id=\"a2a4137\" data-element_type=\"widget\" data-settings=\"{&quot;_animation&quot;:&quot;fadeIn&quot;}\" data-widget_type=\"text-editor.default\">\n\t\t\t\t<div class=\"elementor-widget-container\">\n\t\t\t\t\t\t\t<p><span data-sheets-value=\"{&quot;1&quot;:2,&quot;2&quot;:&quot;\u2022 Implementar programas de monitoreo y control de la calidad del agua potable para asegurar que cumple con los est\u00e1ndares de salud y calidad establecidos. \\n\u2022 Realizar an\u00e1lisis peri\u00f3dicos en los sistemas de abastecimiento, promover el uso de tecnolog\u00edas de tratamiento adecuado y garantizar la cloraci\u00f3n y desinfecci\u00f3n adecuada del agua. \\n\u2022 Desarrollar pol\u00edticas y acciones enfocadas en la cultura ciudadana ambiental para mejorar la calidad del aire y agua en la ciudad. \\n\u2022 Consolidar la estrategia ciudadana e institucional por la defensa del P\u00e1ramo de Santurb\u00e1n a partir de la gesti\u00f3n y ejecuci\u00f3n de proyectos de inversi\u00f3n en ambiente y desarrollo sostenible. \\n\u2022 Impulsar estrategias ciudadanas e institucionales de protecci\u00f3n para la preservaci\u00f3n de los Cerros Orientales y los nacimientos de agua y biodiversidad en esta \u00e1rea de especial importancia ambiental para Bucaramanga. \\n\u2022 Promover acciones en materia de movilidad para mejorar la salud ambiental y contribuir a la calidad del aire en la ciudad. \\n\u2022 Establecer controles permanentes a empresas y particulares que afecten con olores ofensivos la calidad del aire y con desechos industriales la calidad del agua. \\n\u2022 Establecer controles permanentes por contaminaci\u00f3n auditiva y del aire por grandes construcciones (edificios m\u00e1s de 15 pisos) en \u00e1rea urbana Bucaramanga. \\n\u2022 Integrar la Estrategia Nacional para el Control de Tr\u00e1fico Ilegal de Fauna Silvestre a partir de l\u00edneas de acci\u00f3n conjuntas con las autoridades municipales.\\n\u2022 Establecer una estrategia de controles, restricciones y sanciones en la lucha contra la deforestaci\u00f3n en los Cerros Orientales de Bucaramanga para expansi\u00f3n urbana.\\n&quot;}\" data-sheets-userformat=\"{&quot;2&quot;:13185,&quot;3&quot;:{&quot;1&quot;:0},&quot;10&quot;:0,&quot;11&quot;:4,&quot;12&quot;:0,&quot;15&quot;:&quot;Raleway&quot;,&quot;16&quot;:11}\" data-sheets-textstyleruns=\"{&quot;1&quot;:0,&quot;2&quot;:{}}\uee10{&quot;1&quot;:1655,&quot;2&quot;:{}}\">Liderar estrategias de apoyo para la acreditaci\u00f3n, certificaci\u00f3n y crecimiento de las entidades que ofrecen formaci\u00f3n para el trabajo en la ciudad, promoviendo la articulaci\u00f3n de la Educaci\u00f3n B\u00e1sica y Media con las Universidades y el SENA para que los j\u00f3venes adquieran competencias laborales desde octavo o noveno grado. <br \/><br \/>Impulsar la creaci\u00f3n de laboratorios de innovaci\u00f3n que aborden las necesidades de la comunidad y fomenten el emprendimiento, especialmente en el campo de las Tecnolog\u00edas de la Informaci\u00f3n <br \/><br \/>Reorientar el modelo educativo hacia la tecnolog\u00eda y el biling\u00fcismo. <br \/><br \/>Establecer estrategias que permitan la continuidad del aprendizaje y la inserci\u00f3n social de los j\u00f3venes bachilleres a trav\u00e9s de la pertinencia educativa y la articulaci\u00f3n con el sector privado y el SENA. <br \/><br \/>Implementar la Universidad Distrital en coordinaci\u00f3n con todas las universidades p\u00fablicas e institutos de educaci\u00f3n superior de Cali y el Gobierno Nacional, llevando la educaci\u00f3n superior y tecnol\u00f3gica de calidad a la ladera, el oriente y el sector rural. <br \/><br \/>Priorizar la Universidad Popular, ofreciendo diez mil cupos gratuitos para los estratos 1, 2 y 3, con un sistema de bienestar estudiantil que garantice la permanencia de los j\u00f3venes y adecuando la infraestructura educativa existente para desarrollar programas profesionales. <br \/><br \/>Crear una oferta institucional espec\u00edfica de formaci\u00f3n para el trabajo, vinculando a los j\u00f3venes egresados a proyectos sociales municipales, promoviendo pr\u00e1cticas profesionales en la administraci\u00f3n municipal para consolidar su formaci\u00f3n profesional.<\/span><\/p>\t\t\t\t\t\t<\/div>\n\t\t\t\t<\/div>\n\t\t\t\t\t<\/div>\n\t\t<\/div>\n\t\t\t\t\t\t\t<\/div>\n\t\t<\/section>\n\t\t\t\t<section class=\"elementor-section elementor-top-section elementor-element elementor-element-a3d2b96 full-white elementor-reverse-tablet elementor-reverse-mobile elementor-section-boxed elementor-section-height-default elementor-section-height-default\" data-id=\"a3d2b96\" data-element_type=\"section\" data-settings=\"{&quot;background_background&quot;:&quot;gradient&quot;}\">\n\t\t\t\t\t\t<div class=\"elementor-container elementor-column-gap-default\">\n\t\t\t\t\t<div class=\"elementor-column elementor-col-100 elementor-top-column elementor-element elementor-element-4e72037\" data-id=\"4e72037\" data-element_type=\"column\">\n\t\t\t<div class=\"elementor-widget-wrap elementor-element-populated\">\n\t\t\t\t\t\t\t\t<div class=\"elementor-element elementor-element-ae96e48 elementor-invisible elementor-widget elementor-widget-heading\" data-id=\"ae96e48\" data-element_type=\"widget\" data-settings=\"{&quot;_animation&quot;:&quot;fadeInUp&quot;}\" data-widget_type=\"heading.default\">\n\t\t\t\t<div class=\"elementor-widget-container\">\n\t\t\t<h2 class=\"elementor-heading-title elementor-size-default\">Seguridad<\/h2>\t\t<\/div>\n\t\t\t\t<\/div>\n\t\t\t\t<div class=\"elementor-element elementor-element-ca30fc5 animated-slow elementor-invisible elementor-widget elementor-widget-text-editor\" data-id=\"ca30fc5\" data-element_type=\"widget\" data-settings=\"{&quot;_animation&quot;:&quot;fadeIn&quot;}\" data-widget_type=\"text-editor.default\">\n\t\t\t\t<div class=\"elementor-widget-container\">\n\t\t\t\t\t\t\t<p><span data-sheets-value=\"{&quot;1&quot;:2,&quot;2&quot;:&quot;Desarrollar una Pol\u00edtica P\u00fablica de Seguridad Integral y Convivencia en Cali, con \u00e9nfasis en seguridad, desarrollo econ\u00f3mico y protecci\u00f3n de los Derechos Humanos. \\n\\nDesignar un asesor en seguridad en constante coordinaci\u00f3n con las Secretar\u00edas de Seguridad y Justicia, y de Paz y Cultura Ciudadana, y destinar recursos suficientes para garantizar la seguridad de todos los ciudadanos. Esto incluye aumentar la presencia policial, la vigilancia tecnol\u00f3gica, la creaci\u00f3n de comandos \u00e9lites y el uso de la georreferenciaci\u00f3n para identificar zonas cr\u00edticas. \\n\\nPromover una mayor colaboraci\u00f3n y coordinaci\u00f3n entre las entidades de inteligencia y justicia, as\u00ed como fomentar la participaci\u00f3n ciudadana en la lucha contra el crimen, especialmente en casos de hurto y violencia. Se fortalecer\u00e1n los programas de control estatal y el Observatorio de Seguridad. \\n\\nIncrementar los recursos destinados a programas de inteligencia y acceso a servicios de justicia, y brindar apoyo log\u00edstico a la fuerza p\u00fablica, Fiscal\u00eda, CTI y otros organismos. Adem\u00e1s, se fortalecer\u00e1 la presencia del Batall\u00f3n de Alta Monta\u00f1a para proteger el Parque Nacional Natural Los Farallones de Cali y combatir la miner\u00eda ilegal y las invasiones. \\n\\nCapacitar y asignar recursos para 1000 nuevos efectivos policiales, fortalecer los centros cognitivos de seguridad y crear comandos \u00e9lites en puntos cr\u00edticos de delitos y cr\u00edmenes. Se buscar\u00e1 un convenio con la Polic\u00eda para combatir la inseguridad en el transporte p\u00fablico. \\n\\nModernizar, instalar y actualizar 2000 c\u00e1maras personalizadas con detector facial (\\&quot;Bodycam\\&quot;), emplear 50 drones para vigilancia a\u00e9rea en zonas cr\u00edticas y utilizar veh\u00edculos con c\u00e1maras transmisoras para \u00e1reas con presencia de estructuras criminales.\\n&quot;}\" data-sheets-userformat=\"{&quot;2&quot;:13309,&quot;3&quot;:{&quot;1&quot;:0},&quot;5&quot;:{&quot;1&quot;:[{&quot;1&quot;:2,&quot;2&quot;:0,&quot;5&quot;:{&quot;1&quot;:2,&quot;2&quot;:0}},{&quot;1&quot;:0,&quot;2&quot;:0,&quot;3&quot;:3},{&quot;1&quot;:1,&quot;2&quot;:0,&quot;4&quot;:1}]},&quot;6&quot;:{&quot;1&quot;:[{&quot;1&quot;:2,&quot;2&quot;:0,&quot;5&quot;:{&quot;1&quot;:2,&quot;2&quot;:0}},{&quot;1&quot;:0,&quot;2&quot;:0,&quot;3&quot;:3},{&quot;1&quot;:1,&quot;2&quot;:0,&quot;4&quot;:1}]},&quot;7&quot;:{&quot;1&quot;:[{&quot;1&quot;:2,&quot;2&quot;:0,&quot;5&quot;:{&quot;1&quot;:2,&quot;2&quot;:0}},{&quot;1&quot;:0,&quot;2&quot;:0,&quot;3&quot;:3},{&quot;1&quot;:1,&quot;2&quot;:0,&quot;4&quot;:1}]},&quot;8&quot;:{&quot;1&quot;:[{&quot;1&quot;:2,&quot;2&quot;:0,&quot;5&quot;:{&quot;1&quot;:2,&quot;2&quot;:0}},{&quot;1&quot;:0,&quot;2&quot;:0,&quot;3&quot;:3},{&quot;1&quot;:1,&quot;2&quot;:0,&quot;4&quot;:1}]},&quot;9&quot;:0,&quot;10&quot;:0,&quot;11&quot;:4,&quot;12&quot;:0,&quot;15&quot;:&quot;Raleway&quot;,&quot;16&quot;:11}\">Desarrollar una Pol\u00edtica P\u00fablica de Seguridad Integral y Convivencia en Cali, con \u00e9nfasis en seguridad, desarrollo econ\u00f3mico y protecci\u00f3n de los Derechos Humanos. <br \/><br \/>Designar un asesor en seguridad en constante coordinaci\u00f3n con las Secretar\u00edas de Seguridad y Justicia, y de Paz y Cultura Ciudadana, y destinar recursos suficientes para garantizar la seguridad de todos los ciudadanos. Esto incluye aumentar la presencia policial, la vigilancia tecnol\u00f3gica, la creaci\u00f3n de comandos \u00e9lites y el uso de la georreferenciaci\u00f3n para identificar zonas cr\u00edticas. <br \/><br \/>Promover una mayor colaboraci\u00f3n y coordinaci\u00f3n entre las entidades de inteligencia y justicia, as\u00ed como fomentar la participaci\u00f3n ciudadana en la lucha contra el crimen, especialmente en casos de hurto y violencia. Se fortalecer\u00e1n los programas de control estatal y el Observatorio de Seguridad. <br \/><br \/>Incrementar los recursos destinados a programas de inteligencia y acceso a servicios de justicia, y brindar apoyo log\u00edstico a la fuerza p\u00fablica, Fiscal\u00eda, CTI y otros organismos. Adem\u00e1s, se fortalecer\u00e1 la presencia del Batall\u00f3n de Alta Monta\u00f1a para proteger el Parque Nacional Natural Los Farallones de Cali y combatir la miner\u00eda ilegal y las invasiones. <br \/><br \/>Capacitar y asignar recursos para 1000 nuevos efectivos policiales, fortalecer los centros cognitivos de seguridad y crear comandos \u00e9lites en puntos cr\u00edticos de delitos y cr\u00edmenes. Se buscar\u00e1 un convenio con la Polic\u00eda para combatir la inseguridad en el transporte p\u00fablico. <br \/><br \/>Modernizar, instalar y actualizar 2000 c\u00e1maras personalizadas con detector facial (\u00abBodycam\u00bb), emplear 50 drones para vigilancia a\u00e9rea en zonas cr\u00edticas y utilizar veh\u00edculos con c\u00e1maras transmisoras para \u00e1reas con presencia de estructuras criminales.<br \/><\/span><\/p>\t\t\t\t\t\t<\/div>\n\t\t\t\t<\/div>\n\t\t\t\t\t<\/div>\n\t\t<\/div>\n\t\t\t\t\t\t\t<\/div>\n\t\t<\/section>\n\t\t\t\t<section class=\"elementor-section elementor-top-section elementor-element elementor-element-fb7a2c0 elementor-section-boxed elementor-section-height-default elementor-section-height-default\" data-id=\"fb7a2c0\" data-element_type=\"section\">\n\t\t\t\t\t\t<div class=\"elementor-container elementor-column-gap-default\">\n\t\t\t\t\t<div class=\"elementor-column elementor-col-100 elementor-top-column elementor-element elementor-element-874cda8\" data-id=\"874cda8\" data-element_type=\"column\">\n\t\t\t<div class=\"elementor-widget-wrap elementor-element-populated\">\n\t\t\t\t\t\t\t\t<div class=\"elementor-element elementor-element-ac8b4fa elementor-invisible elementor-widget elementor-widget-heading\" data-id=\"ac8b4fa\" data-element_type=\"widget\" data-settings=\"{&quot;_animation&quot;:&quot;fadeInUp&quot;}\" data-widget_type=\"heading.default\">\n\t\t\t\t<div class=\"elementor-widget-container\">\n\t\t\t<h2 class=\"elementor-heading-title elementor-size-default\">Tecnolog\u00eda<\/h2>\t\t<\/div>\n\t\t\t\t<\/div>\n\t\t\t\t<div class=\"elementor-element elementor-element-2814180 animated-slow elementor-invisible elementor-widget elementor-widget-text-editor\" data-id=\"2814180\" data-element_type=\"widget\" data-settings=\"{&quot;_animation&quot;:&quot;fadeIn&quot;}\" data-widget_type=\"text-editor.default\">\n\t\t\t\t<div class=\"elementor-widget-container\">\n\t\t\t\t\t\t\t<p><span data-sheets-value=\"{&quot;1&quot;:2,&quot;2&quot;:&quot;\u2022 Promoci\u00f3n de colaboraci\u00f3n p\u00fablico-privada y obras por impuestos para proyectos de conectividad en zonas urbanas y rurales, especialmente en Sumapaz.\\n\u2022 Incentivos fiscales para negocios exitosos que participen en programas de emprendimiento, incluyendo tarifas diferenciales en el ICA y contribuciones voluntarias al FPR-BOG.\\n\u2022 Incentivos fiscales para empresas e instituciones que inviertan en investigaci\u00f3n, desarrollo tecnol\u00f3gico e innovaci\u00f3n, fomentando la participaci\u00f3n del sector privado en estas \u00e1reas, con posibles deducciones fiscales, exenciones y financiamiento preferencial para proyectos innovadores y colaborativos.\\n&quot;}\" data-sheets-userformat=\"{&quot;2&quot;:15233,&quot;3&quot;:{&quot;1&quot;:0},&quot;10&quot;:0,&quot;11&quot;:4,&quot;12&quot;:0,&quot;14&quot;:{&quot;1&quot;:2,&quot;2&quot;:0},&quot;15&quot;:&quot;Raleway&quot;,&quot;16&quot;:11}\">Fortalecer el seguimiento y evaluaci\u00f3n, promoviendo la articulaci\u00f3n entre las herramientas de gesti\u00f3n y orientando proyectos de inversi\u00f3n hacia pol\u00edticas existentes y nuevas. <br \/><br \/>Fomentar una cultura de evaluaci\u00f3n en los organismos p\u00fablicos, implementando procesos y procedimientos efectivos. <br \/><br \/>Mejorar el funcionamiento de las instituciones p\u00fablicas para facilitar la comunicaci\u00f3n con los ciudadanos, promoviendo un enfoque emprendedor y el uso de la tecnolog\u00eda. <br \/><br \/>Actualizar las regulaciones y procedimientos fiscales, mejorar la recaudaci\u00f3n de tributos y actualizar el catastro. <br \/><br \/>Establecer una nueva relaci\u00f3n entre la administraci\u00f3n y los ciudadanos a trav\u00e9s de modelos de gobernanza que involucren la participaci\u00f3n activa de la ciudadan\u00eda. <br \/><br \/>Promover una ciudad inteligente, impulsando el gobierno digital y abierto, fortaleciendo la capacitaci\u00f3n en tecnolog\u00eda para funcionarios p\u00fablicos y adoptando nuevas tecnolog\u00edas para mejorar la comunicaci\u00f3n y atenci\u00f3n interna.<br \/><\/span><\/p>\t\t\t\t\t\t<\/div>\n\t\t\t\t<\/div>\n\t\t\t\t\t<\/div>\n\t\t<\/div>\n\t\t\t\t\t\t\t<\/div>\n\t\t<\/section>\n\t\t\t\t<section class=\"elementor-section elementor-top-section elementor-element elementor-element-370faf9 full-white elementor-reverse-tablet elementor-reverse-mobile elementor-section-boxed elementor-section-height-default elementor-section-height-default\" data-id=\"370faf9\" data-element_type=\"section\" data-settings=\"{&quot;background_background&quot;:&quot;gradient&quot;}\">\n\t\t\t\t\t\t<div class=\"elementor-container elementor-column-gap-default\">\n\t\t\t\t\t<div class=\"elementor-column elementor-col-100 elementor-top-column elementor-element elementor-element-39940cd\" data-id=\"39940cd\" data-element_type=\"column\">\n\t\t\t<div class=\"elementor-widget-wrap elementor-element-populated\">\n\t\t\t\t\t\t\t\t<div class=\"elementor-element elementor-element-531c64b elementor-invisible elementor-widget elementor-widget-heading\" data-id=\"531c64b\" data-element_type=\"widget\" data-settings=\"{&quot;_animation&quot;:&quot;fadeInUp&quot;}\" data-widget_type=\"heading.default\">\n\t\t\t\t<div class=\"elementor-widget-container\">\n\t\t\t<h2 class=\"elementor-heading-title elementor-size-default\">Salud<\/h2>\t\t<\/div>\n\t\t\t\t<\/div>\n\t\t\t\t<div class=\"elementor-element elementor-element-c08ae55 animated-slow elementor-invisible elementor-widget elementor-widget-text-editor\" data-id=\"c08ae55\" data-element_type=\"widget\" data-settings=\"{&quot;_animation&quot;:&quot;fadeIn&quot;}\" data-widget_type=\"text-editor.default\">\n\t\t\t\t<div class=\"elementor-widget-container\">\n\t\t\t\t\t\t\t<p><span data-sheets-value=\"{&quot;1&quot;:2,&quot;2&quot;:&quot;Mejorar Indicadores de Salud, incluyendo la reducci\u00f3n de la tasa de mortalidad materna, la tasa de mortalidad infantil y la prevenci\u00f3n de enfermedades relacionadas con la nutrici\u00f3n. \\n\\nGarantizar Acceso Gratuito a Ex\u00e1menes de VIH y mejorar la atenci\u00f3n en salud. \\n\\nRestablecer Servicios de Salud para J\u00f3venes, ofreciendo orientaci\u00f3n en salud y planificaci\u00f3n familiar. \\n\\nTrabajar por el respeto y protecci\u00f3n de los derechos en salud, luchando contra las desigualdades y garantizando que las EPS cumplan con sus responsabilidades y los derechos de los ciudadanos. \\n\\nDeterminar rutas de atenci\u00f3n en salud que aborden problemas espec\u00edficos, como el desarrollo infantil, la atenci\u00f3n al adulto mayor y la prevenci\u00f3n de enfermedades en grupos vulnerables.\\n\\nImplementar el Sistema Distrital del Cuidado, por medio de una alianza interinstitucional y poner en marcha el Sistema Distrital del Cuidado para reducir y redistribuir el trabajo de cuidado no remunerado y promover la igualdad de g\u00e9nero en este aspecto. \\n\\nActualizar la caracterizaci\u00f3n de Personas con Discapacidad, con el objetivo de abordar sus necesidades de manera integral. \\n\\nPromover la colaboraci\u00f3n entre el sector p\u00fablico y privado, la academia y organizaciones comunitarias en la construcci\u00f3n de un acuerdo por la equidad y la atenci\u00f3n digna en salud, asegurando recursos y capacidades para implementar un nuevo modelo de salud. \\n\\nProfundizar en el An\u00e1lisis de la Situaci\u00f3n de Salud y la oferta de servicios de salud para desarrollar un Modelo de Salud que aborde los problemas de salud acumulados en el municipio. \\n\\nDesarrollar y poner en marcha diversas pol\u00edticas p\u00fablicas en salud, incluyendo salud ambiental, seguridad del paciente, participaci\u00f3n social en salud y salud mental, entre otras. \\n\\nPromover un enfoque preventivo de la salud, fortaleciendo la atenci\u00f3n integral y coordinada en todos los niveles de atenci\u00f3n, y reduciendo la morbilidad y mortalidad evitable. \\n\\nMejorar la infraestructura, equipos e insumos en las IPS, EPS y ESE para garantizar una atenci\u00f3n de calidad y digna. \\n\\nReactivar instancias de participaci\u00f3n en salud, incluyendo la representaci\u00f3n comunitaria en juntas directivas de ESE, veedur\u00edas ciudadanas y ligas de usuarios para garantizar una participaci\u00f3n efectiva de la comunidad en las decisiones de salud.\\n\\n&quot;}\" data-sheets-userformat=\"{&quot;2&quot;:13309,&quot;3&quot;:{&quot;1&quot;:0},&quot;5&quot;:{&quot;1&quot;:[{&quot;1&quot;:2,&quot;2&quot;:0,&quot;5&quot;:{&quot;1&quot;:2,&quot;2&quot;:0}},{&quot;1&quot;:0,&quot;2&quot;:0,&quot;3&quot;:3},{&quot;1&quot;:1,&quot;2&quot;:0,&quot;4&quot;:1}]},&quot;6&quot;:{&quot;1&quot;:[{&quot;1&quot;:2,&quot;2&quot;:0,&quot;5&quot;:{&quot;1&quot;:2,&quot;2&quot;:0}},{&quot;1&quot;:0,&quot;2&quot;:0,&quot;3&quot;:3},{&quot;1&quot;:1,&quot;2&quot;:0,&quot;4&quot;:1}]},&quot;7&quot;:{&quot;1&quot;:[{&quot;1&quot;:2,&quot;2&quot;:0,&quot;5&quot;:{&quot;1&quot;:2,&quot;2&quot;:0}},{&quot;1&quot;:0,&quot;2&quot;:0,&quot;3&quot;:3},{&quot;1&quot;:1,&quot;2&quot;:0,&quot;4&quot;:1}]},&quot;8&quot;:{&quot;1&quot;:[{&quot;1&quot;:2,&quot;2&quot;:0,&quot;5&quot;:{&quot;1&quot;:2,&quot;2&quot;:0}},{&quot;1&quot;:0,&quot;2&quot;:0,&quot;3&quot;:3},{&quot;1&quot;:1,&quot;2&quot;:0,&quot;4&quot;:1}]},&quot;9&quot;:0,&quot;10&quot;:0,&quot;11&quot;:4,&quot;12&quot;:0,&quot;15&quot;:&quot;Raleway&quot;,&quot;16&quot;:11}\">Mejorar Indicadores de Salud, incluyendo la reducci\u00f3n de la tasa de mortalidad materna, la tasa de mortalidad infantil y la prevenci\u00f3n de enfermedades relacionadas con la nutrici\u00f3n. <br \/><br \/>Garantizar Acceso Gratuito a Ex\u00e1menes de VIH y mejorar la atenci\u00f3n en salud. <br \/><br \/>Restablecer Servicios de Salud para J\u00f3venes, ofreciendo orientaci\u00f3n en salud y planificaci\u00f3n familiar. <br \/><br \/>Trabajar por el respeto y protecci\u00f3n de los derechos en salud, luchando contra las desigualdades y garantizando que las EPS cumplan con sus responsabilidades y los derechos de los ciudadanos. <br \/><br \/>Determinar rutas de atenci\u00f3n en salud que aborden problemas espec\u00edficos, como el desarrollo infantil, la atenci\u00f3n al adulto mayor y la prevenci\u00f3n de enfermedades en grupos vulnerables.<br \/><br \/>Implementar el Sistema Distrital del Cuidado, por medio de una alianza interinstitucional y poner en marcha el Sistema Distrital del Cuidado para reducir y redistribuir el trabajo de cuidado no remunerado y promover la igualdad de g\u00e9nero en este aspecto. <br \/><br \/>Actualizar la caracterizaci\u00f3n de Personas con Discapacidad, con el objetivo de abordar sus necesidades de manera integral. <br \/><br \/>Promover la colaboraci\u00f3n entre el sector p\u00fablico y privado, la academia y organizaciones comunitarias en la construcci\u00f3n de un acuerdo por la equidad y la atenci\u00f3n digna en salud, asegurando recursos y capacidades para implementar un nuevo modelo de salud. <br \/><br \/>Profundizar en el An\u00e1lisis de la Situaci\u00f3n de Salud y la oferta de servicios de salud para desarrollar un Modelo de Salud que aborde los problemas de salud acumulados en el municipio. <br \/><br \/>Desarrollar y poner en marcha diversas pol\u00edticas p\u00fablicas en salud, incluyendo salud ambiental, seguridad del paciente, participaci\u00f3n social en salud y salud mental, entre otras. <br \/><br \/>Promover un enfoque preventivo de la salud, fortaleciendo la atenci\u00f3n integral y coordinada en todos los niveles de atenci\u00f3n, y reduciendo la morbilidad y mortalidad evitable. <br \/><br \/>Mejorar la infraestructura, equipos e insumos en las IPS, EPS y ESE para garantizar una atenci\u00f3n de calidad y digna. <br \/><br \/>Reactivar instancias de participaci\u00f3n en salud, incluyendo la representaci\u00f3n comunitaria en juntas directivas de ESE, veedur\u00edas ciudadanas y ligas de usuarios para garantizar una participaci\u00f3n efectiva de la comunidad en las decisiones de salud.<br \/><br \/><\/span><\/p>\t\t\t\t\t\t<\/div>\n\t\t\t\t<\/div>\n\t\t\t\t\t<\/div>\n\t\t<\/div>\n\t\t\t\t\t\t\t<\/div>\n\t\t<\/section>\n\t\t\t\t<section class=\"elementor-section elementor-top-section elementor-element elementor-element-99f192b elementor-section-boxed elementor-section-height-default elementor-section-height-default\" data-id=\"99f192b\" data-element_type=\"section\">\n\t\t\t\t\t\t<div class=\"elementor-container elementor-column-gap-default\">\n\t\t\t\t\t<div class=\"elementor-column elementor-col-100 elementor-top-column elementor-element elementor-element-7f033d2\" data-id=\"7f033d2\" data-element_type=\"column\">\n\t\t\t<div class=\"elementor-widget-wrap elementor-element-populated\">\n\t\t\t\t\t\t\t\t<div class=\"elementor-element elementor-element-8d692ad elementor-invisible elementor-widget elementor-widget-heading\" data-id=\"8d692ad\" data-element_type=\"widget\" data-settings=\"{&quot;_animation&quot;:&quot;fadeInUp&quot;}\" data-widget_type=\"heading.default\">\n\t\t\t\t<div class=\"elementor-widget-container\">\n\t\t\t<h2 class=\"elementor-heading-title elementor-size-default\">Cultura<\/h2>\t\t<\/div>\n\t\t\t\t<\/div>\n\t\t\t\t<div class=\"elementor-element elementor-element-c9f1367 animated-slow elementor-invisible elementor-widget elementor-widget-text-editor\" data-id=\"c9f1367\" data-element_type=\"widget\" data-settings=\"{&quot;_animation&quot;:&quot;fadeIn&quot;}\" data-widget_type=\"text-editor.default\">\n\t\t\t\t<div class=\"elementor-widget-container\">\n\t\t\t\t\t\t\t<p><span data-sheets-value=\"{&quot;1&quot;:2,&quot;2&quot;:&quot;Fomentar el desarrollo de sectores creativos y culturales, como la m\u00fasica, el arte, el dise\u00f1o y el entretenimiento, para estimular la generaci\u00f3n de empleo y el crecimiento econ\u00f3mico. \\n\\nPromover la investigaci\u00f3n y el an\u00e1lisis del sector cultural, adem\u00e1s de hacer visible la producci\u00f3n del sector. \\n\\nImpulsar nuevos canales de venta para bienes y servicios culturales, impulsando emprendimientos y brindando asistencia t\u00e9cnica y asesoramiento a los emprendedores del \u00e1mbito cultural. \\n\\nBrindar apoyo financiero y t\u00e9cnico a empresas relacionadas con la producci\u00f3n audiovisual, cine, dise\u00f1o digital, log\u00edstica y otras industrias culturales, as\u00ed como a artistas, comunicadores y profesionales del sector. \\n\\nImpulsar la oferta cultural con una amplia programaci\u00f3n de festivales, eventos interculturales y actividades art\u00edsticas, promoviendo la participaci\u00f3n de j\u00f3venes, mujeres y adultos en diversas expresiones culturales. \\n\\nFortalecer las actividades de las organizaciones sociales enfocadas en las artes esc\u00e9nicas, pl\u00e1sticas y l\u00edricas, impulsando su profesionalizaci\u00f3n y facilitando su acceso a la seguridad social. \\n\\nRenovar y fortalecer el Instituto Popular de Cultura para mejorar su capacidad de promoci\u00f3n y apoyo a la cultura local. \\n\\nImplementar un plan de apoyo a los artistas para fomentar su profesionalizaci\u00f3n, desarrollo creativo y acceso a la seguridad social. \\n\\nFacilitar asesoramiento para que las producciones culturales tengan una mayor circulaci\u00f3n y alcance en el p\u00fablico.&quot;}\" data-sheets-userformat=\"{&quot;2&quot;:13309,&quot;3&quot;:{&quot;1&quot;:0},&quot;5&quot;:{&quot;1&quot;:[{&quot;1&quot;:2,&quot;2&quot;:0,&quot;5&quot;:{&quot;1&quot;:2,&quot;2&quot;:0}},{&quot;1&quot;:0,&quot;2&quot;:0,&quot;3&quot;:3},{&quot;1&quot;:1,&quot;2&quot;:0,&quot;4&quot;:1}]},&quot;6&quot;:{&quot;1&quot;:[{&quot;1&quot;:2,&quot;2&quot;:0,&quot;5&quot;:{&quot;1&quot;:2,&quot;2&quot;:0}},{&quot;1&quot;:0,&quot;2&quot;:0,&quot;3&quot;:3},{&quot;1&quot;:1,&quot;2&quot;:0,&quot;4&quot;:1}]},&quot;7&quot;:{&quot;1&quot;:[{&quot;1&quot;:2,&quot;2&quot;:0,&quot;5&quot;:{&quot;1&quot;:2,&quot;2&quot;:0}},{&quot;1&quot;:0,&quot;2&quot;:0,&quot;3&quot;:3},{&quot;1&quot;:1,&quot;2&quot;:0,&quot;4&quot;:1}]},&quot;8&quot;:{&quot;1&quot;:[{&quot;1&quot;:2,&quot;2&quot;:0,&quot;5&quot;:{&quot;1&quot;:2,&quot;2&quot;:0}},{&quot;1&quot;:0,&quot;2&quot;:0,&quot;3&quot;:3},{&quot;1&quot;:1,&quot;2&quot;:0,&quot;4&quot;:1}]},&quot;9&quot;:0,&quot;10&quot;:0,&quot;11&quot;:4,&quot;12&quot;:0,&quot;15&quot;:&quot;Raleway&quot;,&quot;16&quot;:11}\">Fomentar el desarrollo de sectores creativos y culturales, como la m\u00fasica, el arte, el dise\u00f1o y el entretenimiento, para estimular la generaci\u00f3n de empleo y el crecimiento econ\u00f3mico. <br \/><br \/>Promover la investigaci\u00f3n y el an\u00e1lisis del sector cultural, adem\u00e1s de hacer visible la producci\u00f3n del sector. <br \/><br \/>Impulsar nuevos canales de venta para bienes y servicios culturales, impulsando emprendimientos y brindando asistencia t\u00e9cnica y asesoramiento a los emprendedores del \u00e1mbito cultural. <br \/><br \/>Brindar apoyo financiero y t\u00e9cnico a empresas relacionadas con la producci\u00f3n audiovisual, cine, dise\u00f1o digital, log\u00edstica y otras industrias culturales, as\u00ed como a artistas, comunicadores y profesionales del sector. <br \/><br \/>Impulsar la oferta cultural con una amplia programaci\u00f3n de festivales, eventos interculturales y actividades art\u00edsticas, promoviendo la participaci\u00f3n de j\u00f3venes, mujeres y adultos en diversas expresiones culturales. <br \/><br \/>Fortalecer las actividades de las organizaciones sociales enfocadas en las artes esc\u00e9nicas, pl\u00e1sticas y l\u00edricas, impulsando su profesionalizaci\u00f3n y facilitando su acceso a la seguridad social. <br \/><br \/>Renovar y fortalecer el Instituto Popular de Cultura para mejorar su capacidad de promoci\u00f3n y apoyo a la cultura local. <br \/><br \/>Implementar un plan de apoyo a los artistas para fomentar su profesionalizaci\u00f3n, desarrollo creativo y acceso a la seguridad social. <br \/><br \/>Facilitar asesoramiento para que las producciones culturales tengan una mayor circulaci\u00f3n y alcance en el p\u00fablico.<\/span><\/p>\t\t\t\t\t\t<\/div>\n\t\t\t\t<\/div>\n\t\t\t\t\t<\/div>\n\t\t<\/div>\n\t\t\t\t\t\t\t<\/div>\n\t\t<\/section>\n\t\t\t\t<section class=\"elementor-section elementor-top-section elementor-element elementor-element-da746bf elementor-section-boxed elementor-section-height-default elementor-section-height-default\" data-id=\"da746bf\" data-element_type=\"section\" data-settings=\"{&quot;background_background&quot;:&quot;classic&quot;}\">\n\t\t\t\t\t\t<div class=\"elementor-container elementor-column-gap-default\">\n\t\t\t\t\t<div class=\"elementor-column elementor-col-50 elementor-top-column elementor-element elementor-element-143ce56\" data-id=\"143ce56\" data-element_type=\"column\">\n\t\t\t<div class=\"elementor-widget-wrap elementor-element-populated\">\n\t\t\t\t\t\t\t\t<div class=\"elementor-element elementor-element-03ff899 elementor-invisible elementor-widget elementor-widget-image\" data-id=\"03ff899\" data-element_type=\"widget\" data-settings=\"{&quot;_animation&quot;:&quot;fadeInUp&quot;}\" data-widget_type=\"image.default\">\n\t\t\t\t<div class=\"elementor-widget-container\">\n\t\t\t\t\t\t\t\t\t\t\t\t\t\t\t<img decoding=\"async\" loading=\"lazy\" width=\"300\" height=\"55\" src=\"https:\/\/i0.wp.com\/orza.com.co\/elecciones-regionales-2023\/wp-content\/uploads\/2023\/03\/Sonar.webp?fit=300%2C55&amp;ssl=1\" class=\"attachment-medium size-medium wp-image-928\" alt=\"\" srcset=\"https:\/\/i0.wp.com\/orza.com.co\/elecciones-regionales-2023\/wp-content\/uploads\/2023\/03\/Sonar.webp?w=500&amp;ssl=1 500w, https:\/\/i0.wp.com\/orza.com.co\/elecciones-regionales-2023\/wp-content\/uploads\/2023\/03\/Sonar.webp?resize=300%2C55&amp;ssl=1 300w\" sizes=\"(max-width: 300px) 100vw, 300px\" \/>\t\t\t\t\t\t\t\t\t\t\t\t\t\t\t<\/div>\n\t\t\t\t<\/div>\n\t\t\t\t\t<\/div>\n\t\t<\/div>\n\t\t\t\t<div class=\"elementor-column elementor-col-50 elementor-top-column elementor-element elementor-element-2349906\" data-id=\"2349906\" data-element_type=\"column\">\n\t\t\t<div class=\"elementor-widget-wrap elementor-element-populated\">\n\t\t\t\t\t\t\t\t<div class=\"elementor-element elementor-element-6a72449 elementor-invisible elementor-widget elementor-widget-text-editor\" data-id=\"6a72449\" data-element_type=\"widget\" data-settings=\"{&quot;_animation&quot;:&quot;fadeInUp&quot;,&quot;_animation_delay&quot;:250}\" data-widget_type=\"text-editor.default\">\n\t\t\t\t<div class=\"elementor-widget-container\">\n\t\t\t\t\t\t\t<p><strong>Nuestra nueva herramienta de monitoreo y estimaci\u00f3n de riesgos regulatorios de la rama ejecutiva y legislativa.<\/strong><\/p>\t\t\t\t\t\t<\/div>\n\t\t\t\t<\/div>\n\t\t\t\t<div class=\"elementor-element elementor-element-65205c5 elementor-align-left elementor-mobile-align-center elementor-invisible elementor-widget elementor-widget-button\" data-id=\"65205c5\" data-element_type=\"widget\" data-settings=\"{&quot;_animation&quot;:&quot;fadeInUp&quot;,&quot;_animation_delay&quot;:500}\" data-widget_type=\"button.default\">\n\t\t\t\t<div class=\"elementor-widget-container\">\n\t\t\t\t\t<div class=\"elementor-button-wrapper\">\n\t\t\t<a class=\"elementor-button elementor-button-link elementor-size-sm\" href=\"https:\/\/sonar.orza.com.co\/\">\n\t\t\t\t\t\t<span class=\"elementor-button-content-wrapper\">\n\t\t\t\t\t\t<span class=\"elementor-button-text\">Ver m\u00e1s<\/span>\n\t\t<\/span>\n\t\t\t\t\t<\/a>\n\t\t<\/div>\n\t\t\t\t<\/div>\n\t\t\t\t<\/div>\n\t\t\t\t\t<\/div>\n\t\t<\/div>\n\t\t\t\t\t\t\t<\/div>\n\t\t<\/section>\n\t\t\t\t\t\t\t<\/div>\n\t\t","protected":false},"excerpt":{"rendered":"<p>Roberto Ortiz Ficha t\u00e9cnica Experiencia en Cargos P\u00fablicos Representante a la C\u00e1mara (2010-2014) Senador (2018) Concejal (2020-2023)\u00a0 Profesi\u00f3n Est\u00e1 pr\u00f3ximo a graduarse como polit\u00f3logo Partido o Movimiento Ha mostrado apoyo al Gobierno No Plan de gobierno Movilidad Transformar la movilidad en Cali, con el objetivo de brindar a los ciudadanos una experiencia c\u00f3moda, segura y [&hellip;]<\/p>\n","protected":false},"author":1,"featured_media":0,"parent":1718,"menu_order":0,"comment_status":"closed","ping_status":"closed","template":"elementor_header_footer","meta":{"footnotes":""},"blocksy_meta":"","yoast_head":"<!-- This site is optimized with the Yoast SEO plugin v21.2 - https:\/\/yoast.com\/wordpress\/plugins\/seo\/ -->\n<title>Roberto Ortiz - ORZA<\/title>\n<meta name=\"robots\" content=\"index, follow, max-snippet:-1, max-image-preview:large, max-video-preview:-1\" \/>\n<link rel=\"canonical\" href=\"https:\/\/orza.com.co\/elecciones-regionales-2023\/cali\/roberto-ortiz\/\" \/>\n<meta property=\"og:locale\" content=\"es_ES\" \/>\n<meta property=\"og:type\" content=\"article\" \/>\n<meta property=\"og:title\" content=\"Roberto Ortiz - ORZA\" \/>\n<meta property=\"og:description\" content=\"Roberto Ortiz Ficha t\u00e9cnica Experiencia en Cargos P\u00fablicos Representante a la C\u00e1mara (2010-2014) Senador (2018) Concejal (2020-2023)\u00a0 Profesi\u00f3n Est\u00e1 pr\u00f3ximo a graduarse como polit\u00f3logo Partido o Movimiento Ha mostrado apoyo al Gobierno No Plan de gobierno Movilidad Transformar la movilidad en Cali, con el objetivo de brindar a los ciudadanos una experiencia c\u00f3moda, segura y [&hellip;]\" \/>\n<meta property=\"og:url\" content=\"https:\/\/orza.com.co\/elecciones-regionales-2023\/cali\/roberto-ortiz\/\" \/>\n<meta property=\"og:site_name\" content=\"ORZA\" \/>\n<meta property=\"article:modified_time\" content=\"2023-10-04T20:06:44+00:00\" \/>\n<meta property=\"og:image\" content=\"https:\/\/orza.com.co\/elecciones-regionales-2023\/wp-content\/uploads\/2022\/03\/Group-41.svg\" \/>\n<meta name=\"twitter:card\" content=\"summary_large_image\" \/>\n<meta name=\"twitter:label1\" content=\"Est. reading time\" \/>\n\t<meta name=\"twitter:data1\" content=\"11 minutos\" \/>\n<script type=\"application\/ld+json\" class=\"yoast-schema-graph\">{\"@context\":\"https:\/\/schema.org\",\"@graph\":[{\"@type\":\"WebPage\",\"@id\":\"https:\/\/orza.com.co\/elecciones-regionales-2023\/cali\/roberto-ortiz\/\",\"url\":\"https:\/\/orza.com.co\/elecciones-regionales-2023\/cali\/roberto-ortiz\/\",\"name\":\"Roberto Ortiz - ORZA\",\"isPartOf\":{\"@id\":\"https:\/\/orza.com.co\/elecciones-regionales-2023\/#website\"},\"datePublished\":\"2023-10-04T20:01:24+00:00\",\"dateModified\":\"2023-10-04T20:06:44+00:00\",\"breadcrumb\":{\"@id\":\"https:\/\/orza.com.co\/elecciones-regionales-2023\/cali\/roberto-ortiz\/#breadcrumb\"},\"inLanguage\":\"es\",\"potentialAction\":[{\"@type\":\"ReadAction\",\"target\":[\"https:\/\/orza.com.co\/elecciones-regionales-2023\/cali\/roberto-ortiz\/\"]}]},{\"@type\":\"BreadcrumbList\",\"@id\":\"https:\/\/orza.com.co\/elecciones-regionales-2023\/cali\/roberto-ortiz\/#breadcrumb\",\"itemListElement\":[{\"@type\":\"ListItem\",\"position\":1,\"name\":\"Home\",\"item\":\"https:\/\/orza.com.co\/elecciones-regionales-2023\/\"},{\"@type\":\"ListItem\",\"position\":2,\"name\":\"Cali\",\"item\":\"https:\/\/orza.com.co\/elecciones-regionales-2023\/cali\/\"},{\"@type\":\"ListItem\",\"position\":3,\"name\":\"Roberto Ortiz\"}]},{\"@type\":\"WebSite\",\"@id\":\"https:\/\/orza.com.co\/elecciones-regionales-2023\/#website\",\"url\":\"https:\/\/orza.com.co\/elecciones-regionales-2023\/\",\"name\":\"ORZA\",\"description\":\"Informe Plan Nacional de Desarrollo 2023\",\"publisher\":{\"@id\":\"https:\/\/orza.com.co\/elecciones-regionales-2023\/#organization\"},\"potentialAction\":[{\"@type\":\"SearchAction\",\"target\":{\"@type\":\"EntryPoint\",\"urlTemplate\":\"https:\/\/orza.com.co\/elecciones-regionales-2023\/?s={search_term_string}\"},\"query-input\":\"required name=search_term_string\"}],\"inLanguage\":\"es\"},{\"@type\":\"Organization\",\"@id\":\"https:\/\/orza.com.co\/elecciones-regionales-2023\/#organization\",\"name\":\"ORZA\",\"url\":\"https:\/\/orza.com.co\/elecciones-regionales-2023\/\",\"logo\":{\"@type\":\"ImageObject\",\"inLanguage\":\"es\",\"@id\":\"https:\/\/orza.com.co\/elecciones-regionales-2023\/#\/schema\/logo\/image\/\",\"url\":\"https:\/\/orza.com.co\/elecciones-regionales-2023\/wp-content\/uploads\/2022\/03\/orza.svg\",\"contentUrl\":\"https:\/\/orza.com.co\/elecciones-regionales-2023\/wp-content\/uploads\/2022\/03\/orza.svg\",\"width\":215,\"height\":43,\"caption\":\"ORZA\"},\"image\":{\"@id\":\"https:\/\/orza.com.co\/elecciones-regionales-2023\/#\/schema\/logo\/image\/\"}}]}<\/script>\n<!-- \/ Yoast SEO plugin. -->","yoast_head_json":{"title":"Roberto Ortiz - ORZA","robots":{"index":"index","follow":"follow","max-snippet":"max-snippet:-1","max-image-preview":"max-image-preview:large","max-video-preview":"max-video-preview:-1"},"canonical":"https:\/\/orza.com.co\/elecciones-regionales-2023\/cali\/roberto-ortiz\/","og_locale":"es_ES","og_type":"article","og_title":"Roberto Ortiz - ORZA","og_description":"Roberto Ortiz Ficha t\u00e9cnica Experiencia en Cargos P\u00fablicos Representante a la C\u00e1mara (2010-2014) Senador (2018) Concejal (2020-2023)\u00a0 Profesi\u00f3n Est\u00e1 pr\u00f3ximo a graduarse como polit\u00f3logo Partido o Movimiento Ha mostrado apoyo al Gobierno No Plan de gobierno Movilidad Transformar la movilidad en Cali, con el objetivo de brindar a los ciudadanos una experiencia c\u00f3moda, segura y [&hellip;]","og_url":"https:\/\/orza.com.co\/elecciones-regionales-2023\/cali\/roberto-ortiz\/","og_site_name":"ORZA","article_modified_time":"2023-10-04T20:06:44+00:00","og_image":[{"url":"https:\/\/orza.com.co\/elecciones-regionales-2023\/wp-content\/uploads\/2022\/03\/Group-41.svg"}],"twitter_card":"summary_large_image","twitter_misc":{"Est. reading time":"11 minutos"},"schema":{"@context":"https:\/\/schema.org","@graph":[{"@type":"WebPage","@id":"https:\/\/orza.com.co\/elecciones-regionales-2023\/cali\/roberto-ortiz\/","url":"https:\/\/orza.com.co\/elecciones-regionales-2023\/cali\/roberto-ortiz\/","name":"Roberto Ortiz - ORZA","isPartOf":{"@id":"https:\/\/orza.com.co\/elecciones-regionales-2023\/#website"},"datePublished":"2023-10-04T20:01:24+00:00","dateModified":"2023-10-04T20:06:44+00:00","breadcrumb":{"@id":"https:\/\/orza.com.co\/elecciones-regionales-2023\/cali\/roberto-ortiz\/#breadcrumb"},"inLanguage":"es","potentialAction":[{"@type":"ReadAction","target":["https:\/\/orza.com.co\/elecciones-regionales-2023\/cali\/roberto-ortiz\/"]}]},{"@type":"BreadcrumbList","@id":"https:\/\/orza.com.co\/elecciones-regionales-2023\/cali\/roberto-ortiz\/#breadcrumb","itemListElement":[{"@type":"ListItem","position":1,"name":"Home","item":"https:\/\/orza.com.co\/elecciones-regionales-2023\/"},{"@type":"ListItem","position":2,"name":"Cali","item":"https:\/\/orza.com.co\/elecciones-regionales-2023\/cali\/"},{"@type":"ListItem","position":3,"name":"Roberto Ortiz"}]},{"@type":"WebSite","@id":"https:\/\/orza.com.co\/elecciones-regionales-2023\/#website","url":"https:\/\/orza.com.co\/elecciones-regionales-2023\/","name":"ORZA","description":"Informe Plan Nacional de Desarrollo 2023","publisher":{"@id":"https:\/\/orza.com.co\/elecciones-regionales-2023\/#organization"},"potentialAction":[{"@type":"SearchAction","target":{"@type":"EntryPoint","urlTemplate":"https:\/\/orza.com.co\/elecciones-regionales-2023\/?s={search_term_string}"},"query-input":"required name=search_term_string"}],"inLanguage":"es"},{"@type":"Organization","@id":"https:\/\/orza.com.co\/elecciones-regionales-2023\/#organization","name":"ORZA","url":"https:\/\/orza.com.co\/elecciones-regionales-2023\/","logo":{"@type":"ImageObject","inLanguage":"es","@id":"https:\/\/orza.com.co\/elecciones-regionales-2023\/#\/schema\/logo\/image\/","url":"https:\/\/orza.com.co\/elecciones-regionales-2023\/wp-content\/uploads\/2022\/03\/orza.svg","contentUrl":"https:\/\/orza.com.co\/elecciones-regionales-2023\/wp-content\/uploads\/2022\/03\/orza.svg","width":215,"height":43,"caption":"ORZA"},"image":{"@id":"https:\/\/orza.com.co\/elecciones-regionales-2023\/#\/schema\/logo\/image\/"}}]}},"jetpack_shortlink":"https:\/\/wp.me\/PfaXf7-rK","_links":{"self":[{"href":"https:\/\/orza.com.co\/elecciones-regionales-2023\/wp-json\/wp\/v2\/pages\/1720"}],"collection":[{"href":"https:\/\/orza.com.co\/elecciones-regionales-2023\/wp-json\/wp\/v2\/pages"}],"about":[{"href":"https:\/\/orza.com.co\/elecciones-regionales-2023\/wp-json\/wp\/v2\/types\/page"}],"author":[{"embeddable":true,"href":"https:\/\/orza.com.co\/elecciones-regionales-2023\/wp-json\/wp\/v2\/users\/1"}],"replies":[{"embeddable":true,"href":"https:\/\/orza.com.co\/elecciones-regionales-2023\/wp-json\/wp\/v2\/comments?post=1720"}],"version-history":[{"count":0,"href":"https:\/\/orza.com.co\/elecciones-regionales-2023\/wp-json\/wp\/v2\/pages\/1720\/revisions"}],"up":[{"embeddable":true,"href":"https:\/\/orza.com.co\/elecciones-regionales-2023\/wp-json\/wp\/v2\/pages\/1718"}],"wp:attachment":[{"href":"https:\/\/orza.com.co\/elecciones-regionales-2023\/wp-json\/wp\/v2\/media?parent=1720"}],"curies":[{"name":"wp","href":"https:\/\/api.w.org\/{rel}","templated":true}]}}