{"version":"1.0","provider_name":"ORZA","provider_url":"https:\/\/orza.com.co\/elecciones-regionales-2023","author_name":"web451_1468","author_url":"https:\/\/orza.com.co\/elecciones-regionales-2023\/author\/web451_1468\/","title":"Rodrigo Lara S\u00e1nchez - ORZA","type":"rich","width":600,"height":338,"html":"<blockquote class=\"wp-embedded-content\" data-secret=\"wRdZrUKGLE\"><a href=\"https:\/\/orza.com.co\/elecciones-regionales-2023\/huila\/rodrigo-lara-sanchez\/\">Rodrigo Lara S\u00e1nchez<\/a><\/blockquote><iframe sandbox=\"allow-scripts\" security=\"restricted\" src=\"https:\/\/orza.com.co\/elecciones-regionales-2023\/huila\/rodrigo-lara-sanchez\/embed\/#?secret=wRdZrUKGLE\" width=\"600\" height=\"338\" title=\"\u00abRodrigo Lara S\u00e1nchez\u00bb \u2014 ORZA\" data-secret=\"wRdZrUKGLE\" frameborder=\"0\" marginwidth=\"0\" marginheight=\"0\" scrolling=\"no\" class=\"wp-embedded-content\"><\/iframe><script>\n\/*! This file is auto-generated *\/\n!function(c,d){\"use strict\";var e=!1,o=!1;if(d.querySelector)if(c.addEventListener)e=!0;if(c.wp=c.wp||{},c.wp.receiveEmbedMessage);else if(c.wp.receiveEmbedMessage=function(e){var t=e.data;if(!t);else if(!(t.secret||t.message||t.value));else if(\/[^a-zA-Z0-9]\/.test(t.secret));else{for(var r,s,a,i=d.querySelectorAll('iframe[data-secret=\"'+t.secret+'\"]'),n=d.querySelectorAll('blockquote[data-secret=\"'+t.secret+'\"]'),o=new RegExp(\"^https?:$\",\"i\"),l=0;l<n.length;l++)n[l].style.display=\"none\";for(l=0;l<i.length;l++)if(r=i[l],e.source!==r.contentWindow);else{if(r.removeAttribute(\"style\"),\"height\"===t.message){if(1e3<(s=parseInt(t.value,10)))s=1e3;else if(~~s<200)s=200;r.height=s}if(\"link\"===t.message)if(s=d.createElement(\"a\"),a=d.createElement(\"a\"),s.href=r.getAttribute(\"src\"),a.href=t.value,!o.test(a.protocol));else if(a.host===s.host)if(d.activeElement===r)c.top.location.href=t.value}}},e)c.addEventListener(\"message\",c.wp.receiveEmbedMessage,!1),d.addEventListener(\"DOMContentLoaded\",t,!1),c.addEventListener(\"load\",t,!1);function t(){if(o);else{o=!0;for(var e,t,r,s=-1!==navigator.appVersion.indexOf(\"MSIE 10\"),a=!!navigator.userAgent.match(\/Trident.*rv:11\\.\/),i=d.querySelectorAll(\"iframe.wp-embedded-content\"),n=0;n<i.length;n++){if(!(r=(t=i[n]).getAttribute(\"data-secret\")))r=Math.random().toString(36).substr(2,10),t.src+=\"#?secret=\"+r,t.setAttribute(\"data-secret\",r);if(s||a)(e=t.cloneNode(!0)).removeAttribute(\"security\"),t.parentNode.replaceChild(e,t);t.contentWindow.postMessage({message:\"ready\",secret:r},\"*\")}}}}(window,document);\n<\/script>\n","description":"Rodrigo Lara S\u00e1nchez Ficha t\u00e9cnica Experiencia en Cargos P\u00fablicos Candidato al Senado de la Rep\u00fablica por el Movimiento Compromiso Ciudadano por Colombia, en las legislativas del 2010.Hizo parte de la Coordinaci\u00f3n Regional en el Dpto. del Huila de la campa\u00f1a de Antanas Mokus a la presidencia por el partido verde, en 2010.Alcalde de Neiva (2016-2019) [&hellip;]","thumbnail_url":"https:\/\/orza.com.co\/elecciones-regionales-2023\/wp-content\/uploads\/2022\/03\/Group-41.svg"}